{"id":2521,"date":"2018-05-18T18:36:16","date_gmt":"2018-05-18T16:36:16","guid":{"rendered":"https:\/\/pielesprieto.es\/?page_id=2521"},"modified":"2018-05-18T18:43:52","modified_gmt":"2018-05-18T16:43:52","slug":"blog","status":"publish","type":"page","link":"https:\/\/pielesprieto.es\/en\/blog\/","title":{"rendered":"Blog"},"content":{"rendered":"\n<style type=\"text\/css\" data-created_by=\"avia_inline_auto\" id=\"style-css-av-av_section-72b66ffb6ad7d37cb59a1eafde3ae59a\">\n.avia-section.av-av_section-72b66ffb6ad7d37cb59a1eafde3ae59a{\nbackground-color:#000000;\nbackground-image:unset;\n}\n<\/style>\n<div id='av_section_1'  class='avia-section av-av_section-72b66ffb6ad7d37cb59a1eafde3ae59a main_color avia-section-default avia-no-shadow  avia-builder-el-0  el_before_av_blog  avia-builder-el-first  avia-bg-style-scroll container_wrap sidebar_right'  ><div class='container av-section-cont-open' ><main  role=\"main\" itemprop=\"mainContentOfPage\"  class='template-page content  av-content-small alpha units'><div class='post-entry post-entry-type-page post-entry-2521'><div class='entry-content-wrapper clearfix'>\n<section  class='av_textblock_section av-av_textblock-2de302bf1aa3cf4c9157dbe6f50ac7eb '   itemscope=\"itemscope\" itemtype=\"https:\/\/schema.org\/CreativeWork\" ><div class='avia_textblock'  itemprop=\"text\" ><h1 style=\"color: #ffffff; text-align: center;\">BLOG OF PRIETO BARCELONA<\/h1>\n<h2 class=\"comop\" style=\"color: #ffffff; text-align: center;\">All the news of the brand and the leather industry<\/h2>\n<\/div><\/section>\n<\/div><\/div><\/main><!-- close content main element --><\/div><\/div><div id='after_section_1'  class='main_color av_default_container_wrap container_wrap sidebar_right'  ><div class='container av-section-cont-open' ><div class='template-page content  av-content-small alpha units'><div class='post-entry post-entry-type-page post-entry-2521'><div class='entry-content-wrapper clearfix'>\n<div  class='av-alb-blogposts template-blog  av-blog-meta-author-disabled av-blog-meta-comments-disabled av-blog-meta-category-disabled av-blog-meta-html-info-disabled av-blog-meta-tag-disabled '  itemscope=\"itemscope\" itemtype=\"https:\/\/schema.org\/Blog\" ><article class=\"post-entry post-entry-type-standard post-entry-6191 post-loop-1 post-parity-odd single-small with-slider post-6191 post type-post status-publish format-standard has-post-thumbnail hentry category-prieto-barcelona-news tag-prieto-accesorios-en tag-prieto-complementos-en tag-prieto-e-shop-en tag-prieto-on-line-en\"  itemscope=\"itemscope\" itemtype=\"https:\/\/schema.org\/BlogPosting\" ><div class=\"blog-meta\"><a href='https:\/\/pielesprieto.es\/en\/shop-on-line-prieto-barcelona-e-shop\/' class='small-preview'  title=\"e-shop-blog\"   itemprop=\"image\" itemscope=\"itemscope\" itemtype=\"https:\/\/schema.org\/ImageObject\" ><img width=\"180\" height=\"180\" src=\"https:\/\/pielesprieto.es\/wp-content\/uploads\/2019\/12\/e-shop-blog-180x180.png\" class=\"wp-image-6175 avia-img-lazy-loading-not-6175 attachment-square size-square wp-post-image\" alt=\"\" decoding=\"async\" srcset=\"https:\/\/pielesprieto.es\/wp-content\/uploads\/2019\/12\/e-shop-blog-180x180.png 180w, https:\/\/pielesprieto.es\/wp-content\/uploads\/2019\/12\/e-shop-blog-80x80.png 80w, https:\/\/pielesprieto.es\/wp-content\/uploads\/2019\/12\/e-shop-blog-36x36.png 36w, https:\/\/pielesprieto.es\/wp-content\/uploads\/2019\/12\/e-shop-blog-100x100.png 100w, https:\/\/pielesprieto.es\/wp-content\/uploads\/2019\/12\/e-shop-blog-300x300.png 300w\" sizes=\"(max-width: 180px) 100vw, 180px\" \/><span class=\"iconfont\" aria-hidden='true' data-av_icon='\ue836' data-av_iconfont='entypo-fontello'><\/span><\/a><\/div><div class='entry-content-wrapper clearfix standard-content'><header class=\"entry-content-header\"><h2 class='post-title entry-title '  itemprop=\"headline\" ><a href=\"https:\/\/pielesprieto.es\/en\/shop-on-line-prieto-barcelona-e-shop\/\" rel=\"bookmark\" title=\"Permanent Link: New shop on-line. Prieto Barcelona E-SHOP\">New shop on-line. Prieto Barcelona E-SHOP<span class=\"post-format-icon minor-meta\"><\/span><\/a><\/h2><span class=\"post-meta-infos\"><time class=\"date-container minor-meta updated\"  itemprop=\"datePublished\" datetime=\"2019-12-13T13:57:47+02:00\" >13 December, 2019<\/time><\/span><\/header><div class=\"entry-content\"  itemprop=\"text\" ><div class=\"read-more-link\"><a href=\"https:\/\/pielesprieto.es\/en\/shop-on-line-prieto-barcelona-e-shop\/\" class=\"more-link\">Read more<span class=\"more-link-arrow\"><\/span><\/a><\/div>\n<\/div><footer class=\"entry-footer\"><\/footer><div class='post_delimiter'><\/div><\/div><div class=\"post_author_timeline\"><\/div><span class='hidden'>\n\t\t\t\t<span class='av-structured-data'  itemprop=\"image\" itemscope=\"itemscope\" itemtype=\"https:\/\/schema.org\/ImageObject\" >\n\t\t\t\t\t\t<span itemprop='url'>https:\/\/pielesprieto.es\/wp-content\/uploads\/2019\/12\/e-shop-blog.png<\/span>\n\t\t\t\t\t\t<span itemprop='height'>935<\/span>\n\t\t\t\t\t\t<span itemprop='width'>1379<\/span>\n\t\t\t\t<\/span>\n\t\t\t\t<span class='av-structured-data'  itemprop=\"publisher\" itemtype=\"https:\/\/schema.org\/Organization\" itemscope=\"itemscope\" >\n\t\t\t\t\t\t<span itemprop='name'>pp-administrador<\/span>\n\t\t\t\t\t\t<span itemprop='logo' itemscope itemtype='https:\/\/schema.org\/ImageObject'>\n\t\t\t\t\t\t\t<span itemprop='url'>https:\/\/pielesprieto.es\/wp-content\/uploads\/2019\/10\/Logo-prieto-alargado09-1-titulo-nuevo02-300x100.png<\/span>\n\t\t\t\t\t\t<\/span>\n\t\t\t\t<\/span><span class='av-structured-data'  itemprop=\"author\" itemscope=\"itemscope\" itemtype=\"https:\/\/schema.org\/Person\" ><span itemprop='name'>pp-administrador<\/span><\/span><span class='av-structured-data'  itemprop=\"datePublished\" datetime=\"2019-12-13T13:57:47+02:00\" >2019-12-13 13:57:47<\/span><span class='av-structured-data'  itemprop=\"dateModified\" itemtype=\"https:\/\/schema.org\/dateModified\" >2019-12-13 17:26:46<\/span><span class='av-structured-data'  itemprop=\"mainEntityOfPage\" itemtype=\"https:\/\/schema.org\/mainEntityOfPage\" ><span itemprop='name'>New shop on-line. Prieto Barcelona E-SHOP<\/span><\/span><\/span><\/article><article class=\"post-entry post-entry-type-standard post-entry-5153 post-loop-2 post-parity-even single-small with-slider post-5153 post type-post status-publish format-standard has-post-thumbnail hentry category-prieto-barcelona-news tag-contact-prieto-barcelona tag-contacte-pelleteries-barcelona-en tag-fur-fashion tag-fur-workshop tag-furrier-in-barcelona tag-leather-in-barcelona tag-leather-workshop tag-moda-pelleteria-barcelona-en tag-pelleteria-barcelona-en tag-private-shopping-a-barcelona-en tag-private-shopping-in-barcelona-en tag-professionals-de-la-pell-en tag-taller-pelleteria-barcelona-en tag-unique-shops-a-barcelona-en\"  itemscope=\"itemscope\" itemtype=\"https:\/\/schema.org\/BlogPosting\" ><div class=\"blog-meta\"><a href='https:\/\/pielesprieto.es\/en\/contact-fur-store-prieto-barcelona\/' class='small-preview'  title=\"blog_PP+accesible\"   itemprop=\"image\" itemscope=\"itemscope\" itemtype=\"https:\/\/schema.org\/ImageObject\" ><img width=\"180\" height=\"180\" src=\"https:\/\/pielesprieto.es\/wp-content\/uploads\/2019\/11\/blog_PPaccesible-180x180.jpg\" class=\"wp-image-5126 avia-img-lazy-loading-not-5126 attachment-square size-square wp-post-image\" alt=\"\" decoding=\"async\" srcset=\"https:\/\/pielesprieto.es\/wp-content\/uploads\/2019\/11\/blog_PPaccesible-180x180.jpg 180w, https:\/\/pielesprieto.es\/wp-content\/uploads\/2019\/11\/blog_PPaccesible-80x80.jpg 80w, https:\/\/pielesprieto.es\/wp-content\/uploads\/2019\/11\/blog_PPaccesible-36x36.jpg 36w, https:\/\/pielesprieto.es\/wp-content\/uploads\/2019\/11\/blog_PPaccesible-100x100.jpg 100w, https:\/\/pielesprieto.es\/wp-content\/uploads\/2019\/11\/blog_PPaccesible-300x300.jpg 300w\" sizes=\"(max-width: 180px) 100vw, 180px\" \/><span class=\"iconfont\" aria-hidden='true' data-av_icon='\ue836' data-av_iconfont='entypo-fontello'><\/span><\/a><\/div><div class='entry-content-wrapper clearfix standard-content'><header class=\"entry-content-header\"><h2 class='post-title entry-title '  itemprop=\"headline\" ><a href=\"https:\/\/pielesprieto.es\/en\/contact-fur-store-prieto-barcelona\/\" rel=\"bookmark\" title=\"Permanent Link: Prieto Barcelona more accessible than ever\">Prieto Barcelona more accessible than ever<span class=\"post-format-icon minor-meta\"><\/span><\/a><\/h2><span class=\"post-meta-infos\"><time class=\"date-container minor-meta updated\"  itemprop=\"datePublished\" datetime=\"2019-10-03T11:20:36+02:00\" >3 October, 2019<\/time><\/span><\/header><div class=\"entry-content\"  itemprop=\"text\" ><div class=\"read-more-link\"><a href=\"https:\/\/pielesprieto.es\/en\/contact-fur-store-prieto-barcelona\/\" class=\"more-link\">Read more<span class=\"more-link-arrow\"><\/span><\/a><\/div>\n<\/div><footer class=\"entry-footer\"><\/footer><div class='post_delimiter'><\/div><\/div><div class=\"post_author_timeline\"><\/div><span class='hidden'>\n\t\t\t\t<span class='av-structured-data'  itemprop=\"image\" itemscope=\"itemscope\" itemtype=\"https:\/\/schema.org\/ImageObject\" >\n\t\t\t\t\t\t<span itemprop='url'>https:\/\/pielesprieto.es\/wp-content\/uploads\/2019\/11\/blog_PPaccesible.jpg<\/span>\n\t\t\t\t\t\t<span itemprop='height'>649<\/span>\n\t\t\t\t\t\t<span itemprop='width'>1224<\/span>\n\t\t\t\t<\/span>\n\t\t\t\t<span class='av-structured-data'  itemprop=\"publisher\" itemtype=\"https:\/\/schema.org\/Organization\" itemscope=\"itemscope\" >\n\t\t\t\t\t\t<span itemprop='name'>pp-administrador<\/span>\n\t\t\t\t\t\t<span itemprop='logo' itemscope itemtype='https:\/\/schema.org\/ImageObject'>\n\t\t\t\t\t\t\t<span itemprop='url'>https:\/\/pielesprieto.es\/wp-content\/uploads\/2019\/10\/Logo-prieto-alargado09-1-titulo-nuevo02-300x100.png<\/span>\n\t\t\t\t\t\t<\/span>\n\t\t\t\t<\/span><span class='av-structured-data'  itemprop=\"author\" itemscope=\"itemscope\" itemtype=\"https:\/\/schema.org\/Person\" ><span itemprop='name'>pp-administrador<\/span><\/span><span class='av-structured-data'  itemprop=\"datePublished\" datetime=\"2019-10-03T11:20:36+02:00\" >2019-10-03 11:20:36<\/span><span class='av-structured-data'  itemprop=\"dateModified\" itemtype=\"https:\/\/schema.org\/dateModified\" >2019-11-27 11:21:55<\/span><span class='av-structured-data'  itemprop=\"mainEntityOfPage\" itemtype=\"https:\/\/schema.org\/mainEntityOfPage\" ><span itemprop='name'>Prieto Barcelona more accessible than ever<\/span><\/span><\/span><\/article><article class=\"post-entry post-entry-type-standard post-entry-5073 post-loop-3 post-parity-odd single-small with-slider post-5073 post type-post status-publish format-standard has-post-thumbnail hentry category-fur-and-leather-facts category-sin-categoria-en tag-fur-accesories tag-fur-garments-advices tag-fur-garments-vault tag-fur-garments-vault-in-barcelona tag-fur-store-in-barcelona tag-fur-vault tag-fur-vault-services tag-keep-fur-clothes tag-keep-fur-garments tag-maintenance-fur-clothes tag-nicolas-prieto-en tag-peleteria-barcelona-en tag-prieto-advices tag-prieto-barcelona-en\"  itemscope=\"itemscope\" itemtype=\"https:\/\/schema.org\/BlogPosting\" ><div class=\"blog-meta\"><a href='https:\/\/pielesprieto.es\/en\/keep-fur-garments-vault\/' class='small-preview'  title=\"Prendas de peleter\u00eda del servicio de peleter\u00eda conservaci\u00f3n c\u00e1mara. Cuidado de las prendas de piel y peleter\u00eda.\"   itemprop=\"image\" itemscope=\"itemscope\" itemtype=\"https:\/\/schema.org\/ImageObject\" ><img width=\"180\" height=\"124\" src=\"https:\/\/pielesprieto.es\/wp-content\/uploads\/2019\/05\/201905_CAMARA-CONSERVACI\u00d3N.jpg\" class=\"wp-image-3736 avia-img-lazy-loading-not-3736 attachment-square size-square wp-post-image\" alt=\"Servicio de c\u00e1mara de conservaci\u00f3n de peleter\u00eda.\" decoding=\"async\" srcset=\"https:\/\/pielesprieto.es\/wp-content\/uploads\/2019\/05\/201905_CAMARA-CONSERVACI\u00d3N.jpg 960w, https:\/\/pielesprieto.es\/wp-content\/uploads\/2019\/05\/201905_CAMARA-CONSERVACI\u00d3N-600x413.jpg 600w\" sizes=\"(max-width: 180px) 100vw, 180px\" \/><span class=\"iconfont\" aria-hidden='true' data-av_icon='\ue836' data-av_iconfont='entypo-fontello'><\/span><\/a><\/div><div class='entry-content-wrapper clearfix standard-content'><header class=\"entry-content-header\"><h2 class='post-title entry-title '  itemprop=\"headline\" ><a href=\"https:\/\/pielesprieto.es\/en\/keep-fur-garments-vault\/\" rel=\"bookmark\" title=\"Permanent Link: End of the winter season, \u00bfDo I keep my fur clothes back in the closet?\">End of the winter season, \u00bfDo I keep my fur clothes back in the closet?<span class=\"post-format-icon minor-meta\"><\/span><\/a><\/h2><span class=\"post-meta-infos\"><time class=\"date-container minor-meta updated\"  itemprop=\"datePublished\" datetime=\"2019-05-09T16:55:35+02:00\" >9 May, 2019<\/time><\/span><\/header><div class=\"entry-content\"  itemprop=\"text\" ><div class=\"read-more-link\"><a href=\"https:\/\/pielesprieto.es\/en\/keep-fur-garments-vault\/\" class=\"more-link\">Read more<span class=\"more-link-arrow\"><\/span><\/a><\/div>\n<\/div><footer class=\"entry-footer\"><\/footer><div class='post_delimiter'><\/div><\/div><div class=\"post_author_timeline\"><\/div><span class='hidden'>\n\t\t\t\t<span class='av-structured-data'  itemprop=\"image\" itemscope=\"itemscope\" itemtype=\"https:\/\/schema.org\/ImageObject\" >\n\t\t\t\t\t\t<span itemprop='url'>https:\/\/pielesprieto.es\/wp-content\/uploads\/2019\/05\/201905_CAMARA-CONSERVACI\u00d3N.jpg<\/span>\n\t\t\t\t\t\t<span itemprop='height'>660<\/span>\n\t\t\t\t\t\t<span itemprop='width'>960<\/span>\n\t\t\t\t<\/span>\n\t\t\t\t<span class='av-structured-data'  itemprop=\"publisher\" itemtype=\"https:\/\/schema.org\/Organization\" itemscope=\"itemscope\" >\n\t\t\t\t\t\t<span itemprop='name'>pp-administrador<\/span>\n\t\t\t\t\t\t<span itemprop='logo' itemscope itemtype='https:\/\/schema.org\/ImageObject'>\n\t\t\t\t\t\t\t<span itemprop='url'>https:\/\/pielesprieto.es\/wp-content\/uploads\/2019\/10\/Logo-prieto-alargado09-1-titulo-nuevo02-300x100.png<\/span>\n\t\t\t\t\t\t<\/span>\n\t\t\t\t<\/span><span class='av-structured-data'  itemprop=\"author\" itemscope=\"itemscope\" itemtype=\"https:\/\/schema.org\/Person\" ><span itemprop='name'>pp-administrador<\/span><\/span><span class='av-structured-data'  itemprop=\"datePublished\" datetime=\"2019-05-09T16:55:35+02:00\" >2019-05-09 16:55:35<\/span><span class='av-structured-data'  itemprop=\"dateModified\" itemtype=\"https:\/\/schema.org\/dateModified\" >2019-11-27 15:01:05<\/span><span class='av-structured-data'  itemprop=\"mainEntityOfPage\" itemtype=\"https:\/\/schema.org\/mainEntityOfPage\" ><span itemprop='name'>End of the winter season, \u00bfDo I keep my fur clothes back in the closet?<\/span><\/span><\/span><\/article><article class=\"post-entry post-entry-type-standard post-entry-5067 post-loop-4 post-parity-even single-small with-slider post-5067 post type-post status-publish format-standard has-post-thumbnail hentry category-prieto-barcelona-news tag-fashion-in-barcelona tag-fur tag-fur-accessories tag-fur-clothes tag-fur-garments tag-fur-store tag-fur-store-in-barcelona tag-furry-collar tag-gift tag-leather-brand tag-leather-brand-in-barcelona tag-leather-clothes tag-love-en tag-present tag-prieto-barcelona-en tag-saint-valentines-day\"  itemscope=\"itemscope\" itemtype=\"https:\/\/schema.org\/BlogPosting\" ><div class=\"blog-meta\"><a href='https:\/\/pielesprieto.es\/en\/gift-accesory-fur-saint-valentines\/' class='small-preview'  title=\"REGALO-PRIETO-PELETERIA-SAN-VALENTIN\"   itemprop=\"image\" itemscope=\"itemscope\" itemtype=\"https:\/\/schema.org\/ImageObject\" ><img width=\"180\" height=\"124\" src=\"https:\/\/pielesprieto.es\/wp-content\/uploads\/2019\/02\/REGALO-PRIETO-PELETERIA-SAN-VALENTIN.jpg\" class=\"wp-image-3603 avia-img-lazy-loading-not-3603 attachment-square size-square wp-post-image\" alt=\"\" decoding=\"async\" srcset=\"https:\/\/pielesprieto.es\/wp-content\/uploads\/2019\/02\/REGALO-PRIETO-PELETERIA-SAN-VALENTIN.jpg 960w, https:\/\/pielesprieto.es\/wp-content\/uploads\/2019\/02\/REGALO-PRIETO-PELETERIA-SAN-VALENTIN-600x413.jpg 600w\" sizes=\"(max-width: 180px) 100vw, 180px\" \/><span class=\"iconfont\" aria-hidden='true' data-av_icon='\ue836' data-av_iconfont='entypo-fontello'><\/span><\/a><\/div><div class='entry-content-wrapper clearfix standard-content'><header class=\"entry-content-header\"><h2 class='post-title entry-title '  itemprop=\"headline\" ><a href=\"https:\/\/pielesprieto.es\/en\/gift-accesory-fur-saint-valentines\/\" rel=\"bookmark\" title=\"Permanent Link: On Valentine\u00b4s day fall in love with &#8220;Prieto Barcelona&#8221; accesories.\">On Valentine\u00b4s day fall in love with &#8220;Prieto Barcelona&#8221; accesories.<span class=\"post-format-icon minor-meta\"><\/span><\/a><\/h2><span class=\"post-meta-infos\"><time class=\"date-container minor-meta updated\"  itemprop=\"datePublished\" datetime=\"2019-02-13T14:02:56+02:00\" >13 February, 2019<\/time><\/span><\/header><div class=\"entry-content\"  itemprop=\"text\" ><div class=\"read-more-link\"><a href=\"https:\/\/pielesprieto.es\/en\/gift-accesory-fur-saint-valentines\/\" class=\"more-link\">Read more<span class=\"more-link-arrow\"><\/span><\/a><\/div>\n<\/div><footer class=\"entry-footer\"><\/footer><div class='post_delimiter'><\/div><\/div><div class=\"post_author_timeline\"><\/div><span class='hidden'>\n\t\t\t\t<span class='av-structured-data'  itemprop=\"image\" itemscope=\"itemscope\" itemtype=\"https:\/\/schema.org\/ImageObject\" >\n\t\t\t\t\t\t<span itemprop='url'>https:\/\/pielesprieto.es\/wp-content\/uploads\/2019\/02\/REGALO-PRIETO-PELETERIA-SAN-VALENTIN.jpg<\/span>\n\t\t\t\t\t\t<span itemprop='height'>660<\/span>\n\t\t\t\t\t\t<span itemprop='width'>960<\/span>\n\t\t\t\t<\/span>\n\t\t\t\t<span class='av-structured-data'  itemprop=\"publisher\" itemtype=\"https:\/\/schema.org\/Organization\" itemscope=\"itemscope\" >\n\t\t\t\t\t\t<span itemprop='name'>pp-administrador<\/span>\n\t\t\t\t\t\t<span itemprop='logo' itemscope itemtype='https:\/\/schema.org\/ImageObject'>\n\t\t\t\t\t\t\t<span itemprop='url'>https:\/\/pielesprieto.es\/wp-content\/uploads\/2019\/10\/Logo-prieto-alargado09-1-titulo-nuevo02-300x100.png<\/span>\n\t\t\t\t\t\t<\/span>\n\t\t\t\t<\/span><span class='av-structured-data'  itemprop=\"author\" itemscope=\"itemscope\" itemtype=\"https:\/\/schema.org\/Person\" ><span itemprop='name'>pp-administrador<\/span><\/span><span class='av-structured-data'  itemprop=\"datePublished\" datetime=\"2019-02-13T14:02:56+02:00\" >2019-02-13 14:02:56<\/span><span class='av-structured-data'  itemprop=\"dateModified\" itemtype=\"https:\/\/schema.org\/dateModified\" >2019-11-26 11:16:38<\/span><span class='av-structured-data'  itemprop=\"mainEntityOfPage\" itemtype=\"https:\/\/schema.org\/mainEntityOfPage\" ><span itemprop='name'>On Valentine\u00b4s day fall in love with &#8220;Prieto Barcelona&#8221; accesories.<\/span><\/span><\/span><\/article><article class=\"post-entry post-entry-type-standard post-entry-5062 post-loop-5 post-parity-odd single-small with-slider post-5062 post type-post status-publish format-standard has-post-thumbnail hentry category-fur-industry-news category-prieto-barcelona-news category-sin-categoria-en tag-fur-shop-in-barcelona tag-fur-store-in-barcelona tag-fur-workshop-in-barcelona tag-furrier-in-barcelona tag-leather-clothes tag-leather-mending-in-barcelona tag-leather-shop-in-barcelona tag-leather-store-in-barcelona tag-leather-workshop tag-mink-workshop tag-remodeling-fur-in-barcelona tag-transformations-fur-workshop-in-barcelona tag-workshop-in-barcelona\"  itemscope=\"itemscope\" itemtype=\"https:\/\/schema.org\/BlogPosting\" ><div class=\"blog-meta\"><a href='https:\/\/pielesprieto.es\/en\/leather-fur-workshop-barcelona\/' class='small-preview'  title=\"201806_TALLER_01\"   itemprop=\"image\" itemscope=\"itemscope\" itemtype=\"https:\/\/schema.org\/ImageObject\" ><img width=\"180\" height=\"124\" src=\"https:\/\/pielesprieto.es\/wp-content\/uploads\/2018\/06\/201806_TALLER_01.jpg\" class=\"wp-image-2575 avia-img-lazy-loading-not-2575 attachment-square size-square wp-post-image\" alt=\"\" decoding=\"async\" srcset=\"https:\/\/pielesprieto.es\/wp-content\/uploads\/2018\/06\/201806_TALLER_01.jpg 960w, https:\/\/pielesprieto.es\/wp-content\/uploads\/2018\/06\/201806_TALLER_01-600x413.jpg 600w\" sizes=\"(max-width: 180px) 100vw, 180px\" \/><span class=\"iconfont\" aria-hidden='true' data-av_icon='\ue836' data-av_iconfont='entypo-fontello'><\/span><\/a><\/div><div class='entry-content-wrapper clearfix standard-content'><header class=\"entry-content-header\"><h2 class='post-title entry-title '  itemprop=\"headline\" ><a href=\"https:\/\/pielesprieto.es\/en\/leather-fur-workshop-barcelona\/\" rel=\"bookmark\" title=\"Permanent Link: The &#8220;Prieto Barcelona&#8221; workshop, one of the few remaining fur workshop in Spain\">The &#8220;Prieto Barcelona&#8221; workshop, one of the few remaining fur workshop in Spain<span class=\"post-format-icon minor-meta\"><\/span><\/a><\/h2><span class=\"post-meta-infos\"><time class=\"date-container minor-meta updated\"  itemprop=\"datePublished\" datetime=\"2018-06-08T19:31:24+02:00\" >8 June, 2018<\/time><\/span><\/header><div class=\"entry-content\"  itemprop=\"text\" ><div class=\"read-more-link\"><a href=\"https:\/\/pielesprieto.es\/en\/leather-fur-workshop-barcelona\/\" class=\"more-link\">Read more<span class=\"more-link-arrow\"><\/span><\/a><\/div>\n<\/div><footer class=\"entry-footer\"><\/footer><div class='post_delimiter'><\/div><\/div><div class=\"post_author_timeline\"><\/div><span class='hidden'>\n\t\t\t\t<span class='av-structured-data'  itemprop=\"image\" itemscope=\"itemscope\" itemtype=\"https:\/\/schema.org\/ImageObject\" >\n\t\t\t\t\t\t<span itemprop='url'>https:\/\/pielesprieto.es\/wp-content\/uploads\/2018\/06\/201806_TALLER_01.jpg<\/span>\n\t\t\t\t\t\t<span itemprop='height'>660<\/span>\n\t\t\t\t\t\t<span itemprop='width'>960<\/span>\n\t\t\t\t<\/span>\n\t\t\t\t<span class='av-structured-data'  itemprop=\"publisher\" itemtype=\"https:\/\/schema.org\/Organization\" itemscope=\"itemscope\" >\n\t\t\t\t\t\t<span itemprop='name'>pp-administrador<\/span>\n\t\t\t\t\t\t<span itemprop='logo' itemscope itemtype='https:\/\/schema.org\/ImageObject'>\n\t\t\t\t\t\t\t<span itemprop='url'>https:\/\/pielesprieto.es\/wp-content\/uploads\/2019\/10\/Logo-prieto-alargado09-1-titulo-nuevo02-300x100.png<\/span>\n\t\t\t\t\t\t<\/span>\n\t\t\t\t<\/span><span class='av-structured-data'  itemprop=\"author\" itemscope=\"itemscope\" itemtype=\"https:\/\/schema.org\/Person\" ><span itemprop='name'>pp-administrador<\/span><\/span><span class='av-structured-data'  itemprop=\"datePublished\" datetime=\"2018-06-08T19:31:24+02:00\" >2018-06-08 19:31:24<\/span><span class='av-structured-data'  itemprop=\"dateModified\" itemtype=\"https:\/\/schema.org\/dateModified\" >2019-11-27 14:52:55<\/span><span class='av-structured-data'  itemprop=\"mainEntityOfPage\" itemtype=\"https:\/\/schema.org\/mainEntityOfPage\" ><span itemprop='name'>The &#8220;Prieto Barcelona&#8221; workshop, one of the few remaining fur workshop in Spain<\/span><\/span><\/span><\/article><article class=\"post-entry post-entry-type-standard post-entry-5057 post-loop-6 post-parity-even single-small with-slider post-5057 post type-post status-publish format-standard has-post-thumbnail hentry category-fur-and-leather-facts category-prieto-barcelona-news tag-fur-care tag-fur-fashion tag-fur-fashion-in-barcelona tag-fur-garment-vault-in-barcelona tag-fur-industry tag-fur-maintenance tag-fur-sector tag-fur-services-in-barcelona tag-fur-vault tag-fur-vault-in-barcelona tag-keep-fur-garments tag-leather-care tag-leather-mending-in-barcelona tag-nicolas-prieto-en tag-prieto-barcelona-en\"  itemscope=\"itemscope\" itemtype=\"https:\/\/schema.org\/BlogPosting\" ><div class=\"blog-meta\"><a href='https:\/\/pielesprieto.es\/en\/keeping-maintenance-fur-garments\/' class='small-preview'  title=\"Prendas de peleter\u00eda de chinchilla, marta cibelina y lince de Nicol\u00e1s Prieto. Abrigos y chaquetones de fur.\"   itemprop=\"image\" itemscope=\"itemscope\" itemtype=\"https:\/\/schema.org\/ImageObject\" ><img width=\"180\" height=\"124\" src=\"https:\/\/pielesprieto.es\/wp-content\/uploads\/2018\/04\/201804_CONSERVACION-PRENDA-PIEL.jpg\" class=\"wp-image-2249 avia-img-lazy-loading-not-2249 attachment-square size-square wp-post-image\" alt=\"Abrigos y chaquetones de peleter\u00eda Nicol\u00e1s Prieto\" decoding=\"async\" srcset=\"https:\/\/pielesprieto.es\/wp-content\/uploads\/2018\/04\/201804_CONSERVACION-PRENDA-PIEL.jpg 960w, https:\/\/pielesprieto.es\/wp-content\/uploads\/2018\/04\/201804_CONSERVACION-PRENDA-PIEL-600x413.jpg 600w\" sizes=\"(max-width: 180px) 100vw, 180px\" \/><span class=\"iconfont\" aria-hidden='true' data-av_icon='\ue836' data-av_iconfont='entypo-fontello'><\/span><\/a><\/div><div class='entry-content-wrapper clearfix standard-content'><header class=\"entry-content-header\"><h2 class='post-title entry-title '  itemprop=\"headline\" ><a href=\"https:\/\/pielesprieto.es\/en\/keeping-maintenance-fur-garments\/\" rel=\"bookmark\" title=\"Permanent Link: \u00bfHow do I keep my fur garment in good condition during the spring and summer months?\">\u00bfHow do I keep my fur garment in good condition during the spring and summer months?<span class=\"post-format-icon minor-meta\"><\/span><\/a><\/h2><span class=\"post-meta-infos\"><time class=\"date-container minor-meta updated\"  itemprop=\"datePublished\" datetime=\"2018-04-24T11:38:58+02:00\" >24 April, 2018<\/time><\/span><\/header><div class=\"entry-content\"  itemprop=\"text\" ><div class=\"read-more-link\"><a href=\"https:\/\/pielesprieto.es\/en\/keeping-maintenance-fur-garments\/\" class=\"more-link\">Read more<span class=\"more-link-arrow\"><\/span><\/a><\/div>\n<\/div><footer class=\"entry-footer\"><\/footer><div class='post_delimiter'><\/div><\/div><div class=\"post_author_timeline\"><\/div><span class='hidden'>\n\t\t\t\t<span class='av-structured-data'  itemprop=\"image\" itemscope=\"itemscope\" itemtype=\"https:\/\/schema.org\/ImageObject\" >\n\t\t\t\t\t\t<span itemprop='url'>https:\/\/pielesprieto.es\/wp-content\/uploads\/2018\/04\/201804_CONSERVACION-PRENDA-PIEL.jpg<\/span>\n\t\t\t\t\t\t<span itemprop='height'>660<\/span>\n\t\t\t\t\t\t<span itemprop='width'>960<\/span>\n\t\t\t\t<\/span>\n\t\t\t\t<span class='av-structured-data'  itemprop=\"publisher\" itemtype=\"https:\/\/schema.org\/Organization\" itemscope=\"itemscope\" >\n\t\t\t\t\t\t<span itemprop='name'>pp-administrador<\/span>\n\t\t\t\t\t\t<span itemprop='logo' itemscope itemtype='https:\/\/schema.org\/ImageObject'>\n\t\t\t\t\t\t\t<span itemprop='url'>https:\/\/pielesprieto.es\/wp-content\/uploads\/2019\/10\/Logo-prieto-alargado09-1-titulo-nuevo02-300x100.png<\/span>\n\t\t\t\t\t\t<\/span>\n\t\t\t\t<\/span><span class='av-structured-data'  itemprop=\"author\" itemscope=\"itemscope\" itemtype=\"https:\/\/schema.org\/Person\" ><span itemprop='name'>pp-administrador<\/span><\/span><span class='av-structured-data'  itemprop=\"datePublished\" datetime=\"2018-04-24T11:38:58+02:00\" >2018-04-24 11:38:58<\/span><span class='av-structured-data'  itemprop=\"dateModified\" itemtype=\"https:\/\/schema.org\/dateModified\" >2019-11-27 14:45:30<\/span><span class='av-structured-data'  itemprop=\"mainEntityOfPage\" itemtype=\"https:\/\/schema.org\/mainEntityOfPage\" ><span itemprop='name'>\u00bfHow do I keep my fur garment in good condition during the spring and summer months?<\/span><\/span><\/span><\/article><article class=\"post-entry post-entry-type-standard post-entry-5051 post-loop-7 post-parity-odd single-small with-slider post-5051 post type-post status-publish format-standard has-post-thumbnail hentry category-latest-fur-trends category-prieto-barcelona-news tag-blog-fashion tag-fashion-in-barcelona tag-fur-accesories tag-fur-bag tag-fur-collection tag-fur-collection-in-barcelona tag-fur-fashion tag-fur-shop-in-barcelona tag-fur-store-in-barcelona tag-furrier-in-barcelona tag-leather-accessories tag-leather-bag tag-leather-collection tag-leather-collection-in-barcelona tag-leather-fashion tag-leather-shop-in-barcelona tag-natural-leather tag-prieto-barcelona-en tag-prieto-store\"  itemscope=\"itemscope\" itemtype=\"https:\/\/schema.org\/BlogPosting\" ><div class=\"blog-meta\"><a href='https:\/\/pielesprieto.es\/en\/leather-fur-bags-prieto\/' class='small-preview'  title=\"Bolso de peleter\u00eda Prieto Barcelona, confeccionado en piel de astrac\u00e1n y napa.\"   itemprop=\"image\" itemscope=\"itemscope\" itemtype=\"https:\/\/schema.org\/ImageObject\" ><img width=\"180\" height=\"124\" src=\"https:\/\/pielesprieto.es\/wp-content\/uploads\/2018\/03\/201803_BOLSOS-PIEL_01.jpg\" class=\"wp-image-2051 avia-img-lazy-loading-not-2051 attachment-square size-square wp-post-image\" alt=\"Bolso de peleter\u00eda KILI Prieto Barcelona\" decoding=\"async\" srcset=\"https:\/\/pielesprieto.es\/wp-content\/uploads\/2018\/03\/201803_BOLSOS-PIEL_01.jpg 960w, https:\/\/pielesprieto.es\/wp-content\/uploads\/2018\/03\/201803_BOLSOS-PIEL_01-600x413.jpg 600w\" sizes=\"(max-width: 180px) 100vw, 180px\" \/><span class=\"iconfont\" aria-hidden='true' data-av_icon='\ue836' data-av_iconfont='entypo-fontello'><\/span><\/a><\/div><div class='entry-content-wrapper clearfix standard-content'><header class=\"entry-content-header\"><h2 class='post-title entry-title '  itemprop=\"headline\" ><a href=\"https:\/\/pielesprieto.es\/en\/leather-fur-bags-prieto\/\" rel=\"bookmark\" title=\"Permanent Link: The 4 furry bags that you can still wear in order to solve any look\">The 4 furry bags that you can still wear in order to solve any look<span class=\"post-format-icon minor-meta\"><\/span><\/a><\/h2><span class=\"post-meta-infos\"><time class=\"date-container minor-meta updated\"  itemprop=\"datePublished\" datetime=\"2018-03-16T14:56:54+02:00\" >16 March, 2018<\/time><\/span><\/header><div class=\"entry-content\"  itemprop=\"text\" ><div class=\"read-more-link\"><a href=\"https:\/\/pielesprieto.es\/en\/leather-fur-bags-prieto\/\" class=\"more-link\">Read more<span class=\"more-link-arrow\"><\/span><\/a><\/div>\n<\/div><footer class=\"entry-footer\"><\/footer><div class='post_delimiter'><\/div><\/div><div class=\"post_author_timeline\"><\/div><span class='hidden'>\n\t\t\t\t<span class='av-structured-data'  itemprop=\"image\" itemscope=\"itemscope\" itemtype=\"https:\/\/schema.org\/ImageObject\" >\n\t\t\t\t\t\t<span itemprop='url'>https:\/\/pielesprieto.es\/wp-content\/uploads\/2018\/03\/201803_BOLSOS-PIEL_01.jpg<\/span>\n\t\t\t\t\t\t<span itemprop='height'>660<\/span>\n\t\t\t\t\t\t<span itemprop='width'>960<\/span>\n\t\t\t\t<\/span>\n\t\t\t\t<span class='av-structured-data'  itemprop=\"publisher\" itemtype=\"https:\/\/schema.org\/Organization\" itemscope=\"itemscope\" >\n\t\t\t\t\t\t<span itemprop='name'>pp-administrador<\/span>\n\t\t\t\t\t\t<span itemprop='logo' itemscope itemtype='https:\/\/schema.org\/ImageObject'>\n\t\t\t\t\t\t\t<span itemprop='url'>https:\/\/pielesprieto.es\/wp-content\/uploads\/2019\/10\/Logo-prieto-alargado09-1-titulo-nuevo02-300x100.png<\/span>\n\t\t\t\t\t\t<\/span>\n\t\t\t\t<\/span><span class='av-structured-data'  itemprop=\"author\" itemscope=\"itemscope\" itemtype=\"https:\/\/schema.org\/Person\" ><span itemprop='name'>pp-administrador<\/span><\/span><span class='av-structured-data'  itemprop=\"datePublished\" datetime=\"2018-03-16T14:56:54+02:00\" >2018-03-16 14:56:54<\/span><span class='av-structured-data'  itemprop=\"dateModified\" itemtype=\"https:\/\/schema.org\/dateModified\" >2019-11-27 12:24:29<\/span><span class='av-structured-data'  itemprop=\"mainEntityOfPage\" itemtype=\"https:\/\/schema.org\/mainEntityOfPage\" ><span itemprop='name'>The 4 furry bags that you can still wear in order to solve any look<\/span><\/span><\/span><\/article><article class=\"post-entry post-entry-type-standard post-entry-5046 post-loop-8 post-parity-even single-small with-slider post-5046 post type-post status-publish format-standard has-post-thumbnail hentry category-fur-industry-news category-latest-fur-trends tag-fair-fur-in-milano tag-fashion-en tag-fashion-fair tag-fur-industry tag-fur-innovation tag-fur-professionals-in-barcelona tag-fur-sector tag-fur-store tag-fur-store-in-barcelona tag-fur-trends tag-furrier-in-barcelona tag-moda-milano-en\"  itemscope=\"itemscope\" itemtype=\"https:\/\/schema.org\/BlogPosting\" ><div class=\"blog-meta\"><a href='https:\/\/pielesprieto.es\/en\/fair-sector-fur-theonemilano\/' class='small-preview'  title=\"Feria de peleter\u00eda TheOneMilano, complementos y prendas de piel y peleter\u00eda. Situada en el centro de Milano.\"   itemprop=\"image\" itemscope=\"itemscope\" itemtype=\"https:\/\/schema.org\/ImageObject\" ><img width=\"180\" height=\"124\" src=\"https:\/\/pielesprieto.es\/wp-content\/uploads\/2018\/02\/201802_MIFUR_01.jpg\" class=\"wp-image-2029 avia-img-lazy-loading-not-2029 attachment-square size-square wp-post-image\" alt=\"Nicol\u00e1s Prieto en feria de peleter\u00eda TheOneMilano\" decoding=\"async\" srcset=\"https:\/\/pielesprieto.es\/wp-content\/uploads\/2018\/02\/201802_MIFUR_01.jpg 960w, https:\/\/pielesprieto.es\/wp-content\/uploads\/2018\/02\/201802_MIFUR_01-600x413.jpg 600w\" sizes=\"(max-width: 180px) 100vw, 180px\" \/><span class=\"iconfont\" aria-hidden='true' data-av_icon='\ue836' data-av_iconfont='entypo-fontello'><\/span><\/a><\/div><div class='entry-content-wrapper clearfix standard-content'><header class=\"entry-content-header\"><h2 class='post-title entry-title '  itemprop=\"headline\" ><a href=\"https:\/\/pielesprieto.es\/en\/fair-sector-fur-theonemilano\/\" rel=\"bookmark\" title=\"Permanent Link: TheOneMilano, essential appointment for the fur and fashion industry\">TheOneMilano, essential appointment for the fur and fashion industry<span class=\"post-format-icon minor-meta\"><\/span><\/a><\/h2><span class=\"post-meta-infos\"><time class=\"date-container minor-meta updated\"  itemprop=\"datePublished\" datetime=\"2018-02-27T12:54:08+02:00\" >27 February, 2018<\/time><\/span><\/header><div class=\"entry-content\"  itemprop=\"text\" ><div class=\"read-more-link\"><a href=\"https:\/\/pielesprieto.es\/en\/fair-sector-fur-theonemilano\/\" class=\"more-link\">Read more<span class=\"more-link-arrow\"><\/span><\/a><\/div>\n<\/div><footer class=\"entry-footer\"><\/footer><div class='post_delimiter'><\/div><\/div><div class=\"post_author_timeline\"><\/div><span class='hidden'>\n\t\t\t\t<span class='av-structured-data'  itemprop=\"image\" itemscope=\"itemscope\" itemtype=\"https:\/\/schema.org\/ImageObject\" >\n\t\t\t\t\t\t<span itemprop='url'>https:\/\/pielesprieto.es\/wp-content\/uploads\/2018\/02\/201802_MIFUR_01.jpg<\/span>\n\t\t\t\t\t\t<span itemprop='height'>660<\/span>\n\t\t\t\t\t\t<span itemprop='width'>960<\/span>\n\t\t\t\t<\/span>\n\t\t\t\t<span class='av-structured-data'  itemprop=\"publisher\" itemtype=\"https:\/\/schema.org\/Organization\" itemscope=\"itemscope\" >\n\t\t\t\t\t\t<span itemprop='name'>pp-administrador<\/span>\n\t\t\t\t\t\t<span itemprop='logo' itemscope itemtype='https:\/\/schema.org\/ImageObject'>\n\t\t\t\t\t\t\t<span itemprop='url'>https:\/\/pielesprieto.es\/wp-content\/uploads\/2019\/10\/Logo-prieto-alargado09-1-titulo-nuevo02-300x100.png<\/span>\n\t\t\t\t\t\t<\/span>\n\t\t\t\t<\/span><span class='av-structured-data'  itemprop=\"author\" itemscope=\"itemscope\" itemtype=\"https:\/\/schema.org\/Person\" ><span itemprop='name'>pp-administrador<\/span><\/span><span class='av-structured-data'  itemprop=\"datePublished\" datetime=\"2018-02-27T12:54:08+02:00\" >2018-02-27 12:54:08<\/span><span class='av-structured-data'  itemprop=\"dateModified\" itemtype=\"https:\/\/schema.org\/dateModified\" >2019-11-27 12:16:50<\/span><span class='av-structured-data'  itemprop=\"mainEntityOfPage\" itemtype=\"https:\/\/schema.org\/mainEntityOfPage\" ><span itemprop='name'>TheOneMilano, essential appointment for the fur and fashion industry<\/span><\/span><\/span><\/article><article class=\"post-entry post-entry-type-standard post-entry-5037 post-loop-9 post-parity-odd single-small with-slider post-5037 post type-post status-publish format-standard has-post-thumbnail hentry category-prieto-barcelona-news tag-fashion-sector-in-barcelona tag-fur-fashion-in-barcelona tag-fur-industry-in-barcelona tag-fur-showroom tag-fur-showroom-in-barcelona tag-fur-store-in-barcelona tag-leather-shop-in-barcelona tag-nicolas-prieto-en tag-prieto-barcelona-en tag-traditional-shop-in-barcelona tag-unique-shops-in-barcelona\"  itemscope=\"itemscope\" itemtype=\"https:\/\/schema.org\/BlogPosting\" ><div class=\"blog-meta\"><a href='https:\/\/pielesprieto.es\/en\/unique-shop-barcelona-fur-store\/' class='small-preview'  title=\"Showroom de peleter\u00eda Prieto dentro de la Barcelona Unique Shops por Barcelona Turisme\"   itemprop=\"image\" itemscope=\"itemscope\" itemtype=\"https:\/\/schema.org\/ImageObject\" ><img width=\"180\" height=\"124\" src=\"https:\/\/pielesprieto.es\/wp-content\/uploads\/2018\/02\/201802_PRIETO-UNIQUE-SHOP-BARCELONA_GUIA.jpg\" class=\"wp-image-1892 avia-img-lazy-loading-not-1892 attachment-square size-square wp-post-image\" alt=\"Showroom Prieto Unique Shops Barcelona\" decoding=\"async\" srcset=\"https:\/\/pielesprieto.es\/wp-content\/uploads\/2018\/02\/201802_PRIETO-UNIQUE-SHOP-BARCELONA_GUIA.jpg 960w, https:\/\/pielesprieto.es\/wp-content\/uploads\/2018\/02\/201802_PRIETO-UNIQUE-SHOP-BARCELONA_GUIA-600x413.jpg 600w\" sizes=\"(max-width: 180px) 100vw, 180px\" \/><span class=\"iconfont\" aria-hidden='true' data-av_icon='\ue836' data-av_iconfont='entypo-fontello'><\/span><\/a><\/div><div class='entry-content-wrapper clearfix standard-content'><header class=\"entry-content-header\"><h2 class='post-title entry-title '  itemprop=\"headline\" ><a href=\"https:\/\/pielesprieto.es\/en\/unique-shop-barcelona-fur-store\/\" rel=\"bookmark\" title=\"Permanent Link: Our Showroom is on the list &#8220;Barcelona Unique Shops&#8221;.\">Our Showroom is on the list &#8220;Barcelona Unique Shops&#8221;.<span class=\"post-format-icon minor-meta\"><\/span><\/a><\/h2><span class=\"post-meta-infos\"><time class=\"date-container minor-meta updated\"  itemprop=\"datePublished\" datetime=\"2018-02-13T12:33:37+02:00\" >13 February, 2018<\/time><\/span><\/header><div class=\"entry-content\"  itemprop=\"text\" ><div class=\"read-more-link\"><a href=\"https:\/\/pielesprieto.es\/en\/unique-shop-barcelona-fur-store\/\" class=\"more-link\">Read more<span class=\"more-link-arrow\"><\/span><\/a><\/div>\n<\/div><footer class=\"entry-footer\"><\/footer><div class='post_delimiter'><\/div><\/div><div class=\"post_author_timeline\"><\/div><span class='hidden'>\n\t\t\t\t<span class='av-structured-data'  itemprop=\"image\" itemscope=\"itemscope\" itemtype=\"https:\/\/schema.org\/ImageObject\" >\n\t\t\t\t\t\t<span itemprop='url'>https:\/\/pielesprieto.es\/wp-content\/uploads\/2018\/02\/201802_PRIETO-UNIQUE-SHOP-BARCELONA_GUIA.jpg<\/span>\n\t\t\t\t\t\t<span itemprop='height'>660<\/span>\n\t\t\t\t\t\t<span itemprop='width'>960<\/span>\n\t\t\t\t<\/span>\n\t\t\t\t<span class='av-structured-data'  itemprop=\"publisher\" itemtype=\"https:\/\/schema.org\/Organization\" itemscope=\"itemscope\" >\n\t\t\t\t\t\t<span itemprop='name'>pp-administrador<\/span>\n\t\t\t\t\t\t<span itemprop='logo' itemscope itemtype='https:\/\/schema.org\/ImageObject'>\n\t\t\t\t\t\t\t<span itemprop='url'>https:\/\/pielesprieto.es\/wp-content\/uploads\/2019\/10\/Logo-prieto-alargado09-1-titulo-nuevo02-300x100.png<\/span>\n\t\t\t\t\t\t<\/span>\n\t\t\t\t<\/span><span class='av-structured-data'  itemprop=\"author\" itemscope=\"itemscope\" itemtype=\"https:\/\/schema.org\/Person\" ><span itemprop='name'>pp-administrador<\/span><\/span><span class='av-structured-data'  itemprop=\"datePublished\" datetime=\"2018-02-13T12:33:37+02:00\" >2018-02-13 12:33:37<\/span><span class='av-structured-data'  itemprop=\"dateModified\" itemtype=\"https:\/\/schema.org\/dateModified\" >2019-11-27 12:12:18<\/span><span class='av-structured-data'  itemprop=\"mainEntityOfPage\" itemtype=\"https:\/\/schema.org\/mainEntityOfPage\" ><span itemprop='name'>Our Showroom is on the list &#8220;Barcelona Unique Shops&#8221;.<\/span><\/span><\/span><\/article><article class=\"post-entry post-entry-type-standard post-entry-5031 post-loop-10 post-parity-even post-entry-last single-small with-slider post-5031 post type-post status-publish format-standard has-post-thumbnail hentry category-fur-and-leather-facts tag-fur-advices tag-fur-fashion tag-fur-garment-advices tag-fur-garment-wet tag-fur-professionals-in-barcelona tag-fur-store tag-fur-store-in-barcelona tag-furrier-in-barcelona tag-leather-fashion tag-leather-garment-advices tag-leather-garment-wet tag-leather-professionals-in-barcelona tag-leather-shop-in-barcelona tag-prieto-advices\"  itemscope=\"itemscope\" itemtype=\"https:\/\/schema.org\/BlogPosting\" ><div class=\"blog-meta\"><a href='https:\/\/pielesprieto.es\/en\/advice-leather-fur-garment-wet\/' class='small-preview'  title=\"Prenda de piel y peleter\u00eda mojadas.\"   itemprop=\"image\" itemscope=\"itemscope\" itemtype=\"https:\/\/schema.org\/ImageObject\" ><img width=\"180\" height=\"101\" src=\"https:\/\/pielesprieto.es\/wp-content\/uploads\/2018\/02\/pexels-photo-268791.jpeg\" class=\"wp-image-1802 avia-img-lazy-loading-not-1802 attachment-square size-square wp-post-image\" alt=\"Lluvia de art\u00edculos de piel y peleter\u00eda\" decoding=\"async\" srcset=\"https:\/\/pielesprieto.es\/wp-content\/uploads\/2018\/02\/pexels-photo-268791.jpeg 5500w, https:\/\/pielesprieto.es\/wp-content\/uploads\/2018\/02\/pexels-photo-268791-600x338.jpeg 600w\" sizes=\"(max-width: 180px) 100vw, 180px\" \/><span class=\"iconfont\" aria-hidden='true' data-av_icon='\ue836' data-av_iconfont='entypo-fontello'><\/span><\/a><\/div><div class='entry-content-wrapper clearfix standard-content'><header class=\"entry-content-header\"><h2 class='post-title entry-title '  itemprop=\"headline\" ><a href=\"https:\/\/pielesprieto.es\/en\/advice-leather-fur-garment-wet\/\" rel=\"bookmark\" title=\"Permanent Link: \u00bfWhat do I do if my leather garment gets wet?\">\u00bfWhat do I do if my leather garment gets wet?<span class=\"post-format-icon minor-meta\"><\/span><\/a><\/h2><span class=\"post-meta-infos\"><time class=\"date-container minor-meta updated\"  itemprop=\"datePublished\" datetime=\"2018-02-02T19:59:45+02:00\" >2 February, 2018<\/time><\/span><\/header><div class=\"entry-content\"  itemprop=\"text\" ><div class=\"read-more-link\"><a href=\"https:\/\/pielesprieto.es\/en\/advice-leather-fur-garment-wet\/\" class=\"more-link\">Read more<span class=\"more-link-arrow\"><\/span><\/a><\/div>\n<\/div><footer class=\"entry-footer\"><\/footer><div class='post_delimiter'><\/div><\/div><div class=\"post_author_timeline\"><\/div><span class='hidden'>\n\t\t\t\t<span class='av-structured-data'  itemprop=\"image\" itemscope=\"itemscope\" itemtype=\"https:\/\/schema.org\/ImageObject\" >\n\t\t\t\t\t\t<span itemprop='url'>https:\/\/pielesprieto.es\/wp-content\/uploads\/2018\/02\/pexels-photo-268791.jpeg<\/span>\n\t\t\t\t\t\t<span itemprop='height'>3094<\/span>\n\t\t\t\t\t\t<span itemprop='width'>5500<\/span>\n\t\t\t\t<\/span>\n\t\t\t\t<span class='av-structured-data'  itemprop=\"publisher\" itemtype=\"https:\/\/schema.org\/Organization\" itemscope=\"itemscope\" >\n\t\t\t\t\t\t<span itemprop='name'>pp-administrador<\/span>\n\t\t\t\t\t\t<span itemprop='logo' itemscope itemtype='https:\/\/schema.org\/ImageObject'>\n\t\t\t\t\t\t\t<span itemprop='url'>https:\/\/pielesprieto.es\/wp-content\/uploads\/2019\/10\/Logo-prieto-alargado09-1-titulo-nuevo02-300x100.png<\/span>\n\t\t\t\t\t\t<\/span>\n\t\t\t\t<\/span><span class='av-structured-data'  itemprop=\"author\" itemscope=\"itemscope\" itemtype=\"https:\/\/schema.org\/Person\" ><span itemprop='name'>pp-administrador<\/span><\/span><span class='av-structured-data'  itemprop=\"datePublished\" datetime=\"2018-02-02T19:59:45+02:00\" >2018-02-02 19:59:45<\/span><span class='av-structured-data'  itemprop=\"dateModified\" itemtype=\"https:\/\/schema.org\/dateModified\" >2019-11-27 12:05:44<\/span><span class='av-structured-data'  itemprop=\"mainEntityOfPage\" itemtype=\"https:\/\/schema.org\/mainEntityOfPage\" ><span itemprop='name'>\u00bfWhat do I do if my leather garment gets wet?<\/span><\/span><\/span><\/article><div class='single-small'><nav class='pagination'><span class='pagination-meta'>Page 1 of 2<\/span><span class='current'>1<\/span><a href='https:\/\/pielesprieto.es\/en\/wp-json\/wp\/v2\/pages\/2521\/page\/2\/' class='inactive next_page' >2<\/a><\/nav>\n<\/div><\/div>\n","protected":false},"excerpt":{"rendered":"","protected":false},"author":1,"featured_media":0,"parent":0,"menu_order":900,"comment_status":"closed","ping_status":"closed","template":"","meta":[],"yoast_head":"<!-- This site is optimized with the Yoast SEO plugin v20.9 - https:\/\/yoast.com\/wordpress\/plugins\/seo\/ -->\n<title>Blog - Pieles Prieto<\/title>\n<meta name=\"robots\" content=\"index, follow, max-snippet:-1, max-image-preview:large, max-video-preview:-1\" \/>\n<link rel=\"canonical\" href=\"https:\/\/pielesprieto.es\/en\/blog\/\" \/>\n<meta property=\"og:locale\" content=\"en_US\" \/>\n<meta property=\"og:type\" content=\"article\" \/>\n<meta property=\"og:title\" content=\"Blog - Pieles Prieto\" \/>\n<meta property=\"og:url\" content=\"https:\/\/pielesprieto.es\/en\/blog\/\" \/>\n<meta property=\"og:site_name\" content=\"Pieles Prieto\" \/>\n<meta property=\"article:publisher\" content=\"https:\/\/www.facebook.com\/pielesprietobarcelona\/\" \/>\n<meta property=\"article:modified_time\" content=\"2018-05-18T16:43:52+00:00\" \/>\n<meta name=\"twitter:card\" content=\"summary_large_image\" \/>\n<meta name=\"twitter:site\" content=\"@PielesPrieto\" \/>\n<meta name=\"twitter:label1\" content=\"Est. reading time\" \/>\n\t<meta name=\"twitter:data1\" content=\"1 minute\" \/>\n<script type=\"application\/ld+json\" class=\"yoast-schema-graph\">{\"@context\":\"https:\/\/schema.org\",\"@graph\":[{\"@type\":\"WebPage\",\"@id\":\"https:\/\/pielesprieto.es\/en\/blog\/\",\"url\":\"https:\/\/pielesprieto.es\/en\/blog\/\",\"name\":\"Blog - Pieles Prieto\",\"isPartOf\":{\"@id\":\"https:\/\/pielesprieto.es\/#website\"},\"datePublished\":\"2018-05-18T16:36:16+00:00\",\"dateModified\":\"2018-05-18T16:43:52+00:00\",\"breadcrumb\":{\"@id\":\"https:\/\/pielesprieto.es\/en\/blog\/#breadcrumb\"},\"inLanguage\":\"en-US\",\"potentialAction\":[{\"@type\":\"ReadAction\",\"target\":[\"https:\/\/pielesprieto.es\/en\/blog\/\"]}]},{\"@type\":\"BreadcrumbList\",\"@id\":\"https:\/\/pielesprieto.es\/en\/blog\/#breadcrumb\",\"itemListElement\":[{\"@type\":\"ListItem\",\"position\":1,\"name\":\"Portada\",\"item\":\"https:\/\/pielesprieto.es\/en\/home\/\"},{\"@type\":\"ListItem\",\"position\":2,\"name\":\"Blog\"}]},{\"@type\":\"WebSite\",\"@id\":\"https:\/\/pielesprieto.es\/#website\",\"url\":\"https:\/\/pielesprieto.es\/\",\"name\":\"Pieles Prieto\",\"description\":\"Pieles Prieto\",\"potentialAction\":[{\"@type\":\"SearchAction\",\"target\":{\"@type\":\"EntryPoint\",\"urlTemplate\":\"https:\/\/pielesprieto.es\/?s={search_term_string}\"},\"query-input\":\"required name=search_term_string\"}],\"inLanguage\":\"en-US\"}]}<\/script>\n<!-- \/ Yoast SEO plugin. -->","yoast_head_json":{"title":"Blog - Pieles Prieto","robots":{"index":"index","follow":"follow","max-snippet":"max-snippet:-1","max-image-preview":"max-image-preview:large","max-video-preview":"max-video-preview:-1"},"canonical":"https:\/\/pielesprieto.es\/en\/blog\/","og_locale":"en_US","og_type":"article","og_title":"Blog - Pieles Prieto","og_url":"https:\/\/pielesprieto.es\/en\/blog\/","og_site_name":"Pieles Prieto","article_publisher":"https:\/\/www.facebook.com\/pielesprietobarcelona\/","article_modified_time":"2018-05-18T16:43:52+00:00","twitter_card":"summary_large_image","twitter_site":"@PielesPrieto","twitter_misc":{"Est. reading time":"1 minute"},"schema":{"@context":"https:\/\/schema.org","@graph":[{"@type":"WebPage","@id":"https:\/\/pielesprieto.es\/en\/blog\/","url":"https:\/\/pielesprieto.es\/en\/blog\/","name":"Blog - Pieles Prieto","isPartOf":{"@id":"https:\/\/pielesprieto.es\/#website"},"datePublished":"2018-05-18T16:36:16+00:00","dateModified":"2018-05-18T16:43:52+00:00","breadcrumb":{"@id":"https:\/\/pielesprieto.es\/en\/blog\/#breadcrumb"},"inLanguage":"en-US","potentialAction":[{"@type":"ReadAction","target":["https:\/\/pielesprieto.es\/en\/blog\/"]}]},{"@type":"BreadcrumbList","@id":"https:\/\/pielesprieto.es\/en\/blog\/#breadcrumb","itemListElement":[{"@type":"ListItem","position":1,"name":"Portada","item":"https:\/\/pielesprieto.es\/en\/home\/"},{"@type":"ListItem","position":2,"name":"Blog"}]},{"@type":"WebSite","@id":"https:\/\/pielesprieto.es\/#website","url":"https:\/\/pielesprieto.es\/","name":"Pieles Prieto","description":"Pieles Prieto","potentialAction":[{"@type":"SearchAction","target":{"@type":"EntryPoint","urlTemplate":"https:\/\/pielesprieto.es\/?s={search_term_string}"},"query-input":"required name=search_term_string"}],"inLanguage":"en-US"}]}},"_links":{"self":[{"href":"https:\/\/pielesprieto.es\/en\/wp-json\/wp\/v2\/pages\/2521"}],"collection":[{"href":"https:\/\/pielesprieto.es\/en\/wp-json\/wp\/v2\/pages"}],"about":[{"href":"https:\/\/pielesprieto.es\/en\/wp-json\/wp\/v2\/types\/page"}],"author":[{"embeddable":true,"href":"https:\/\/pielesprieto.es\/en\/wp-json\/wp\/v2\/users\/1"}],"replies":[{"embeddable":true,"href":"https:\/\/pielesprieto.es\/en\/wp-json\/wp\/v2\/comments?post=2521"}],"version-history":[{"count":4,"href":"https:\/\/pielesprieto.es\/en\/wp-json\/wp\/v2\/pages\/2521\/revisions"}],"predecessor-version":[{"id":3490,"href":"https:\/\/pielesprieto.es\/en\/wp-json\/wp\/v2\/pages\/2521\/revisions\/3490"}],"wp:attachment":[{"href":"https:\/\/pielesprieto.es\/en\/wp-json\/wp\/v2\/media?parent=2521"}],"curies":[{"name":"wp","href":"https:\/\/api.w.org\/{rel}","templated":true}]}}