{"id":541,"date":"2017-09-19T15:12:38","date_gmt":"2017-09-19T13:12:38","guid":{"rendered":"https:\/\/pielesprieto.es\/?page_id=541"},"modified":"2019-02-04T14:26:08","modified_gmt":"2019-02-04T12:26:08","slug":"politica-de-privacitat","status":"publish","type":"page","link":"https:\/\/pielesprieto.es\/ca\/politica-de-privacitat\/","title":{"rendered":"Pol\u00edtica de privacitat"},"content":{"rendered":"<div style=\"margin: 0px 35px 0px 35px;\">\n<h1><strong>LES SEVES DADES SEGURES<\/strong><\/h1>\n<h2>Informaci\u00f3 en el cumplimient de la normativa de protecci\u00f3 de dades personals<\/h2>\n<p>A Europa i a Espanya existeixen normes de protecci\u00f3 de dades pensades per protegir la seva informaci\u00f3 personal d&#8217;obligat compliment per a la nostra entitat.<br \/>\nPer aix\u00f2, \u00e9s molt important per a nosaltres que entengui perfectament qu\u00e8 anem a fer amb les dades personals que li demanem.<br \/>\nAix\u00ed, serem transparents i li donarem el control de les seves dades, amb un llenguatge senzill i opcions clares que li permetran decidir qu\u00e8 farem amb la seva informaci\u00f3 personal.<br \/>\nPer favor, si una vegada llegida la present informaci\u00f3 li queda algun dubte, no dubti a preguntar-nos.<\/p>\n<p>Moltes gr\u00e0cies per la seva col\u00b7laboraci\u00f3.<\/p>\n<p>&nbsp;<\/p>\n<ul>\n<li><strong>\u00bf<\/strong><strong>Qui som?<\/strong><\/li>\n<li>La nostra denominaci\u00f3:\u00a0<strong>PIELES PRIETO S.A.<\/strong><\/li>\n<\/ul>\n<p>&nbsp;<\/p>\n<ul>\n<li>El nostre CIF \/ NIF: <strong>A59849299<\/strong><\/li>\n<\/ul>\n<p>&nbsp;<\/p>\n<ul>\n<li>La nostra activitat principal:<strong> COMPRAVENTA AL MAYOR Y DETALLE DE PIELES DE CUALQUIER TIPO<\/strong><\/li>\n<\/ul>\n<p>&nbsp;<\/p>\n<ul>\n<li>La nostra adre\u00e7a: <strong>Calle Loreto, 9 Bajos, CP 08029, BARCELONA (Barcelona)<\/strong><\/li>\n<\/ul>\n<p>&nbsp;<\/p>\n<ul>\n<li>El nostre tel\u00e8fon de contacte: <strong>934300690<\/strong><\/li>\n<\/ul>\n<p>&nbsp;<\/p>\n<ul>\n<li>La nostra adre\u00e7a de correu electr\u00f2nic de contacte: <strong>prieto@pielesprieto.com<\/strong><\/li>\n<\/ul>\n<p>&nbsp;<\/p>\n<ul>\n<li>La nostra p\u00e1gina web: <strong>pielesprieto.com<\/strong><\/li>\n<\/ul>\n<p>&nbsp;<\/p>\n<p>&nbsp;<\/p>\n<ul>\n<li>Per a la seva confian\u00e7a i seguretat, l&#8217;informem que som una entitat inscrita en el seg\u00fcent Registre Mercantil \/Registre P\u00fablic:<\/li>\n<\/ul>\n<p><strong>\u00a0<\/strong><\/p>\n<p>Estem a la seva disposici\u00f3, no dubti a contactar amb nosaltres.<\/p>\n<p>&nbsp;<\/p>\n<ul>\n<li><strong>Per a qu\u00e8\u00a0utilitzarem\u00a0les seves dades?<\/strong><\/li>\n<\/ul>\n<p>Amb car\u00e0cter general, les seves dades personals seran usats per poder relacionar-nos amb vost\u00e8 i poder prestar-li els nostres serveis.<br \/>\nAix\u00ed mateix, tamb\u00e9 poden ser usats per a altres activitats, com enviar-li publicitat o promocionar les nostres activitats.<\/p>\n<p>&nbsp;<\/p>\n<ul>\n<li><strong>Per qu\u00e8 necessitem usar les seves dades?<\/strong><\/li>\n<\/ul>\n<p>Les seves dades personals s\u00f3n necess\u00e0ries per poder relacionar-nos amb vost\u00e8 i poder prestar-li els nostres serveis. En aquest sentit, posarem a la seva disposici\u00f3 una s\u00e8rie de caselles que li permetran decidir de manera clara i senzilla sobre l&#8217;\u00fas de la seva informaci\u00f3 personal.<\/p>\n<ul>\n<li><strong>Qui coneixer\u00e0 la informaci\u00f3 que li demanem?<\/strong><\/li>\n<\/ul>\n<p>Amb car\u00e0cter general, nom\u00e9s el personal de la nostra entitat que estigui degudament autoritzat podr\u00e0 tenir coneixement de la informaci\u00f3 que li demanem.<br \/>\nD&#8217;igual manera, podran tenir coneixement de la seva informaci\u00f3 personal aquelles entitats que necessitin tenir acc\u00e9s a la mateixa perqu\u00e8 puguem prestar-li els nostres serveis. Aix\u00ed per exemple, el nostre banc coneixer\u00e0 les seves dades si el pagament dels nostres serveis es realitza mitjan\u00e7ant targeta o transfer\u00e8ncia banc\u00e0ria.<\/p>\n<p>Aix\u00ed mateix, tindran coneixement de la seva informaci\u00f3 aquelles entitats p\u00fabliques o privades a les quals estiguem obligats a facilitar les seves dades personals amb motiu del compliment\u00a0d&#8217;alguna llei. Posant-li un exemple, la Llei Tribut\u00e0ria obliga a facilitar a l&#8217;Ag\u00e8ncia Tribut\u00e0ria determinada informaci\u00f3 sobre operacions econ\u00f2miques que superin una determinada quantitat.<\/p>\n<p>En el cas que, al marge dels sup\u00f2sits comentats, necessitem donar a con\u00e8ixer la seva informaci\u00f3 personal a altres entitats, li sol\u00b7licitarem pr\u00e8viament el seu perm\u00eds a trav\u00e9s d&#8217;opcions clares que li permetran decidir referent a aix\u00f2.<\/p>\n<ul>\n<li><strong>Com protegirem les seves dades?<\/strong><\/li>\n<\/ul>\n<p>Protegirem les seves dades amb mesures de seguretat eficaces en funci\u00f3 dels riscos que comporti l&#8217;\u00fas de la seva informaci\u00f3.<br \/>\nPer a aix\u00f2, la nostra entitat ha aprovat una Pol\u00edtica de Protecci\u00f3 de Dades i es realitzen controls i auditories anuals per verificar que les seves dades personals estan segurs a tot moment.<\/p>\n<ul>\n<li><strong>Enviarem les seves dades a altres pa\u00efsos?<\/strong><\/li>\n<\/ul>\n<p>Al m\u00f3n hi ha pa\u00efsos que s\u00f3n segurs per a les seves dades i uns altres que no ho s\u00f3n tant. Aix\u00ed per exemple, la Uni\u00f3 Europea \u00e9s un entorn segur per a les seves dades. La nostra pol\u00edtica \u00e9s no enviar la seva informaci\u00f3 personal a cap pa\u00eds que no sigui segur des del punt de vista de la protecci\u00f3 de les seves dades.<br \/>\nEn el cas que, amb motiu de prestar-li el servei, sigui imprescindible enviar les seves dades a un pa\u00eds que no sigui tan segur com Espanya, sempre li sol\u00b7licitarem pr\u00e8viament el seu perm\u00eds i aplicarem mesures de seguretat eficaces que redueixin els riscos de l&#8217;enviament de la seva informaci\u00f3 personal a un altre pa\u00eds.<\/p>\n<ul>\n<li><strong>Durant quant temps\u00a0conervarem\u00a0les seves dades?<\/strong><\/li>\n<\/ul>\n<p>Conservarem les seves dades durant la nostra relaci\u00f3 i mentre ens obliguin les lleis. Una vegada finalitzats els terminis legals aplicables, procedirem a eliminar-los de forma segura i respectuosa amb el medi ambient.<\/p>\n<ul>\n<li><strong>Quins s\u00f3n els seus drets de protecci\u00f3 de dades?<\/strong><\/li>\n<\/ul>\n<p>En qualsevol moment pot dirigir-se a nosaltres per saber quina informaci\u00f3 tenim sobre vost\u00e8, rectificar-la si an\u00e9s incorrecta i eliminar-la una vegada finalitzada la nostra relaci\u00f3, en el cas que aix\u00f2 sigui legalment possible. Tamb\u00e9 t\u00e9 dret a sol\u00b7licitar el trasp\u00e0s de la seva informaci\u00f3 a una altra entitat. Aquest dret es diu &#8220;portabilitat&#8221; i pot ser \u00fatil en determinades situacions. Per sol\u00b7licitar algun d&#8217;aquests drets, haur\u00e0 de realitzar una sol\u00b7licitud escrita a la nostra adre\u00e7a, juntament amb una fotoc\u00f2pia del seu DNI, per poder identificar-li. En les oficines de la nostra entitat disposem de formularis espec\u00edfics per sol\u00b7licitar aquests drets i li oferim la nostra ajuda per al seu emplenament. Per saber m\u00e9s sobre els seus drets de protecci\u00f3 de dades, pot consultar la p\u00e0gina web de l&#8217;Ag\u00e8ncia Espanyola de Protecci\u00f3 de Dades (www.agpd.es).<\/p>\n<p>&nbsp;<\/p>\n<ul>\n<li><strong>Pot retirar el seu consentiment si canvia d&#8217;opini\u00f3 en un moment posterior?<\/strong><\/li>\n<\/ul>\n<p>Vost\u00e8 pot retirar el seu consentiment si canvia d&#8217;opini\u00f3 sobre l&#8217;\u00fas de les seves dades a qualsevol moment.<\/p>\n<p>Aix\u00ed per exemple, si vost\u00e8 en el seu moment va estar interessat\/a en\u00a0rebre publicitat dels nostres productes o serveis, per\u00f2 ja no desitja rebre m\u00e9s publicitat, pot fer-nos-ho constar a trav\u00e9s del formulari d&#8217;oposici\u00f3 al tractament\u00a0disponible en les oficines de la nostra entitat.<\/p>\n<p>&nbsp;<\/p>\n<ul>\n<li><strong>En cas que entengui que els seus drets han estat desatesos, on pot formular una reclamaci\u00f3?<\/strong><\/li>\n<\/ul>\n<p>En cas que entengui que els seus drets han estat desatesos per la nostra entitat, pot formular una reclamaci\u00f3 en l&#8217;Ag\u00e8ncia Espanyola de Protecci\u00f3 de Dades, a trav\u00e9s d&#8217;algun dels mitjans seg\u00fcents:<\/p>\n<ul>\n<li>Seu electr\u00f2nica: www.agpd.es<\/li>\n<\/ul>\n<p>&nbsp;<\/p>\n<ul>\n<li>Adre\u00e7a postal:<br \/>\nAg\u00e8ncia Espanyola de Protecci\u00f3 de Dades<br \/>\nC\/\u00a0Jorge\u00a0Juan, 6<br \/>\n28001-Madrid<\/li>\n<\/ul>\n<p>&nbsp;<\/p>\n<ul>\n<li>Via telef\u00f2nica:<br \/>\n901 100 099<br \/>\nTel.\u00a091 266 35 17<\/li>\n<\/ul>\n<p>&nbsp;<\/p>\n<p>Formular una reclamaci\u00f3 en l&#8217;Ag\u00e8ncia Espanyola de Protecci\u00f3 de Dades no comporta cap cost i no \u00e9s necess\u00e0ria l&#8217;assist\u00e8ncia d&#8217;advocat ni procurador.<\/p>\n<p>&nbsp;<\/p>\n<ul>\n<li><strong>Elaborarem perfils sobre vost\u00e8?<\/strong><\/li>\n<\/ul>\n<p>&nbsp;<\/p>\n<p>La nostra pol\u00edtica \u00e9s no elaborar perfils sobre els usuaris dels nostres serveis.<br \/>\nNo obstant aix\u00f2, poden existir situacions en les quals, amb finalitats de prestaci\u00f3 del servei, comercials o d&#8217;un altre tipus, necessitem elaborar perfils d&#8217;informaci\u00f3 sobre vost\u00e8. Un exemple pogu\u00e9s ser la utilitzaci\u00f3 del seu historial de compres o serveis per poder oferir-li productes o serveis adaptats als seus gustos o necessitats.<br \/>\nEn tal cas, aplicarem mesures de seguretat eficaces que protegeixin la seva informaci\u00f3 a tot moment de persones no autoritzades que pretenguin utilitzar-la en el seu propi benefici.<\/p>\n<ul>\n<li><strong>Usarem les seves dades per a altres finalitats?<\/strong><\/li>\n<\/ul>\n<p>&nbsp;<\/p>\n<p>La nostra pol\u00edtica \u00e9s no usar les seves dades per a altres finalitats\u00a0diferents de les\u00a0quals li hem explicat. Si, no obstant aix\u00f2, necessit\u00e9ssim usar les seves dades per a activitats diferents, sempre li sol\u00b7licitarem pr\u00e8viament el seu perm\u00eds a trav\u00e9s d&#8217;opcions clares que li permetran decidir sobre aquest tema.<\/p>\n<\/div>\n","protected":false},"excerpt":{"rendered":"<p>LES SEVES DADES SEGURES Informaci\u00f3 en el cumplimient de la normativa de protecci\u00f3 de dades personals A Europa i a Espanya existeixen normes de protecci\u00f3 de dades pensades per protegir la seva informaci\u00f3 personal d&#8217;obligat compliment per a la nostra entitat. Per aix\u00f2, \u00e9s molt important per a nosaltres que entengui perfectament qu\u00e8 anem a [&hellip;]<\/p>\n","protected":false},"author":1,"featured_media":0,"parent":0,"menu_order":980,"comment_status":"closed","ping_status":"open","template":"","meta":[],"yoast_head":"<!-- This site is optimized with the Yoast SEO plugin v20.9 - https:\/\/yoast.com\/wordpress\/plugins\/seo\/ -->\n<title>Pol\u00edtica de privacitat | Pieles Prieto Barcelona<\/title>\n<meta name=\"description\" content=\"Pol\u00edtica de privacitat.\" \/>\n<meta name=\"robots\" content=\"index, follow, max-snippet:-1, max-image-preview:large, max-video-preview:-1\" \/>\n<link rel=\"canonical\" href=\"https:\/\/pielesprieto.es\/ca\/politica-de-privacitat\/\" \/>\n<meta property=\"og:locale\" content=\"ca_ES\" \/>\n<meta property=\"og:type\" content=\"article\" \/>\n<meta property=\"og:title\" content=\"Pol\u00edtica de privacitat | Pieles Prieto Barcelona\" \/>\n<meta property=\"og:description\" content=\"Pol\u00edtica de privacitat.\" \/>\n<meta property=\"og:url\" content=\"https:\/\/pielesprieto.es\/ca\/politica-de-privacitat\/\" \/>\n<meta property=\"og:site_name\" content=\"Pieles Prieto\" \/>\n<meta property=\"article:publisher\" content=\"https:\/\/www.facebook.com\/pielesprietobarcelona\/\" \/>\n<meta property=\"article:modified_time\" content=\"2019-02-04T12:26:08+00:00\" \/>\n<meta name=\"twitter:card\" content=\"summary_large_image\" \/>\n<meta name=\"twitter:site\" content=\"@PielesPrieto\" \/>\n<meta name=\"twitter:label1\" content=\"Temps estimat de lectura\" \/>\n\t<meta name=\"twitter:data1\" content=\"6 minuts\" \/>\n<script type=\"application\/ld+json\" class=\"yoast-schema-graph\">{\"@context\":\"https:\/\/schema.org\",\"@graph\":[{\"@type\":\"WebPage\",\"@id\":\"https:\/\/pielesprieto.es\/ca\/politica-de-privacitat\/\",\"url\":\"https:\/\/pielesprieto.es\/ca\/politica-de-privacitat\/\",\"name\":\"Pol\u00edtica de privacitat | Pieles Prieto Barcelona\",\"isPartOf\":{\"@id\":\"https:\/\/pielesprieto.es\/#website\"},\"datePublished\":\"2017-09-19T13:12:38+00:00\",\"dateModified\":\"2019-02-04T12:26:08+00:00\",\"description\":\"Pol\u00edtica de privacitat.\",\"breadcrumb\":{\"@id\":\"https:\/\/pielesprieto.es\/ca\/politica-de-privacitat\/#breadcrumb\"},\"inLanguage\":\"ca\",\"potentialAction\":[{\"@type\":\"ReadAction\",\"target\":[\"https:\/\/pielesprieto.es\/ca\/politica-de-privacitat\/\"]}]},{\"@type\":\"BreadcrumbList\",\"@id\":\"https:\/\/pielesprieto.es\/ca\/politica-de-privacitat\/#breadcrumb\",\"itemListElement\":[{\"@type\":\"ListItem\",\"position\":1,\"name\":\"Portada\",\"item\":\"https:\/\/pielesprieto.es\/ca\/inici\/\"},{\"@type\":\"ListItem\",\"position\":2,\"name\":\"Pol\u00edtica de privacitat\"}]},{\"@type\":\"WebSite\",\"@id\":\"https:\/\/pielesprieto.es\/#website\",\"url\":\"https:\/\/pielesprieto.es\/\",\"name\":\"Pieles Prieto\",\"description\":\"Pieles Prieto\",\"potentialAction\":[{\"@type\":\"SearchAction\",\"target\":{\"@type\":\"EntryPoint\",\"urlTemplate\":\"https:\/\/pielesprieto.es\/?s={search_term_string}\"},\"query-input\":\"required name=search_term_string\"}],\"inLanguage\":\"ca\"}]}<\/script>\n<!-- \/ Yoast SEO plugin. -->","yoast_head_json":{"title":"Pol\u00edtica de privacitat | Pieles Prieto Barcelona","description":"Pol\u00edtica de privacitat.","robots":{"index":"index","follow":"follow","max-snippet":"max-snippet:-1","max-image-preview":"max-image-preview:large","max-video-preview":"max-video-preview:-1"},"canonical":"https:\/\/pielesprieto.es\/ca\/politica-de-privacitat\/","og_locale":"ca_ES","og_type":"article","og_title":"Pol\u00edtica de privacitat | Pieles Prieto Barcelona","og_description":"Pol\u00edtica de privacitat.","og_url":"https:\/\/pielesprieto.es\/ca\/politica-de-privacitat\/","og_site_name":"Pieles Prieto","article_publisher":"https:\/\/www.facebook.com\/pielesprietobarcelona\/","article_modified_time":"2019-02-04T12:26:08+00:00","twitter_card":"summary_large_image","twitter_site":"@PielesPrieto","twitter_misc":{"Temps estimat de lectura":"6 minuts"},"schema":{"@context":"https:\/\/schema.org","@graph":[{"@type":"WebPage","@id":"https:\/\/pielesprieto.es\/ca\/politica-de-privacitat\/","url":"https:\/\/pielesprieto.es\/ca\/politica-de-privacitat\/","name":"Pol\u00edtica de privacitat | Pieles Prieto Barcelona","isPartOf":{"@id":"https:\/\/pielesprieto.es\/#website"},"datePublished":"2017-09-19T13:12:38+00:00","dateModified":"2019-02-04T12:26:08+00:00","description":"Pol\u00edtica de privacitat.","breadcrumb":{"@id":"https:\/\/pielesprieto.es\/ca\/politica-de-privacitat\/#breadcrumb"},"inLanguage":"ca","potentialAction":[{"@type":"ReadAction","target":["https:\/\/pielesprieto.es\/ca\/politica-de-privacitat\/"]}]},{"@type":"BreadcrumbList","@id":"https:\/\/pielesprieto.es\/ca\/politica-de-privacitat\/#breadcrumb","itemListElement":[{"@type":"ListItem","position":1,"name":"Portada","item":"https:\/\/pielesprieto.es\/ca\/inici\/"},{"@type":"ListItem","position":2,"name":"Pol\u00edtica de privacitat"}]},{"@type":"WebSite","@id":"https:\/\/pielesprieto.es\/#website","url":"https:\/\/pielesprieto.es\/","name":"Pieles Prieto","description":"Pieles Prieto","potentialAction":[{"@type":"SearchAction","target":{"@type":"EntryPoint","urlTemplate":"https:\/\/pielesprieto.es\/?s={search_term_string}"},"query-input":"required name=search_term_string"}],"inLanguage":"ca"}]}},"_links":{"self":[{"href":"https:\/\/pielesprieto.es\/ca\/wp-json\/wp\/v2\/pages\/541"}],"collection":[{"href":"https:\/\/pielesprieto.es\/ca\/wp-json\/wp\/v2\/pages"}],"about":[{"href":"https:\/\/pielesprieto.es\/ca\/wp-json\/wp\/v2\/types\/page"}],"author":[{"embeddable":true,"href":"https:\/\/pielesprieto.es\/ca\/wp-json\/wp\/v2\/users\/1"}],"replies":[{"embeddable":true,"href":"https:\/\/pielesprieto.es\/ca\/wp-json\/wp\/v2\/comments?post=541"}],"version-history":[{"count":5,"href":"https:\/\/pielesprieto.es\/ca\/wp-json\/wp\/v2\/pages\/541\/revisions"}],"predecessor-version":[{"id":3481,"href":"https:\/\/pielesprieto.es\/ca\/wp-json\/wp\/v2\/pages\/541\/revisions\/3481"}],"wp:attachment":[{"href":"https:\/\/pielesprieto.es\/ca\/wp-json\/wp\/v2\/media?parent=541"}],"curies":[{"name":"wp","href":"https:\/\/api.w.org\/{rel}","templated":true}]}}