{"id":539,"date":"2017-09-19T15:12:34","date_gmt":"2017-09-19T13:12:34","guid":{"rendered":"https:\/\/pielesprieto.es\/?page_id=539"},"modified":"2019-11-20T14:35:25","modified_gmt":"2019-11-20T12:35:25","slug":"contacte","status":"publish","type":"page","link":"https:\/\/pielesprieto.es\/ca\/contacte\/","title":{"rendered":"Contacte"},"content":{"rendered":"\n<style type=\"text\/css\" data-created_by=\"avia_inline_auto\" id=\"style-css-av-av_hr-5ea7596238ed9f191e6b5e662093052f\">\n#top .hr.hr-invisible.av-av_hr-5ea7596238ed9f191e6b5e662093052f{\nheight:30px;\n}\n<\/style>\n<div  class='hr av-av_hr-5ea7596238ed9f191e6b5e662093052f hr-invisible  avia-builder-el-0  el_before_av_one_fifth  avia-builder-el-first '><span class='hr-inner '><span class=\"hr-inner-style\"><\/span><\/span><\/div>\n<div  class='flex_column av-av_one_fifth-2a9015ff38129c418a3f2eafba3e9512 av_one_fifth  avia-builder-el-1  el_after_av_hr  el_before_av_three_fifth  first flex_column_div  '     ><\/div>\n\n<style type=\"text\/css\" data-created_by=\"avia_inline_auto\" id=\"style-css-av-av_three_fifth-0aa7055fe62c3622faec82866afbaeb2\">\n.flex_column.av-av_three_fifth-0aa7055fe62c3622faec82866afbaeb2{\n-webkit-border-radius:0px 0px 0px 0px;\n-moz-border-radius:0px 0px 0px 0px;\nborder-radius:0px 0px 0px 0px;\npadding:0px 0px 0px 0px;\n}\n<\/style>\n<div  class='flex_column av-av_three_fifth-0aa7055fe62c3622faec82866afbaeb2 av_three_fifth  avia-builder-el-2  el_after_av_one_fifth  el_before_av_one_fifth  flex_column_div av-zero-column-padding  '     ><p>\n<style type=\"text\/css\" data-created_by=\"avia_inline_auto\" id=\"style-css-av-av_heading-0dc279c16297f818ac9ee1f125058609\">\n#top .av-special-heading.av-av_heading-0dc279c16297f818ac9ee1f125058609{\npadding-bottom:10px;\n}\nbody .av-special-heading.av-av_heading-0dc279c16297f818ac9ee1f125058609 .av-special-heading-tag .heading-char{\nfont-size:25px;\n}\n.av-special-heading.av-av_heading-0dc279c16297f818ac9ee1f125058609 .av-subheading{\nfont-size:15px;\n}\n<\/style>\n<div  class='av-special-heading av-av_heading-0dc279c16297f818ac9ee1f125058609 av-special-heading-h1 blockquote modern-quote modern-centered  avia-builder-el-3  el_before_av_textblock  avia-builder-el-first '><h1 class='av-special-heading-tag'  itemprop=\"headline\"  >CONTACTA AMB LA PELLETERIA PRIETO BARCELONA<\/h1><div class=\"special-heading-border\"><div class=\"special-heading-inner-border\"><\/div><\/div><\/div><br \/>\n<section  class='av_textblock_section av-av_textblock-2de302bf1aa3cf4c9157dbe6f50ac7eb '   itemscope=\"itemscope\" itemtype=\"https:\/\/schema.org\/CreativeWork\" ><div class='avia_textblock'  itemprop=\"text\" ><h2 class=\"comop\" style=\"text-align: center;\">A PRIETO el m\u00e9s important s\u00f3n els nostres clients. Posa\u2019t en contacte amb nosaltres per qualsevol dubte, comentari o per con\u00e8ixer-nos.<\/h2>\n<\/div><\/section><br \/>\n\n<style type=\"text\/css\" data-created_by=\"avia_inline_auto\" id=\"style-css-av-av_hr-5ea7596238ed9f191e6b5e662093052f\">\n#top .hr.hr-invisible.av-av_hr-5ea7596238ed9f191e6b5e662093052f{\nheight:30px;\n}\n<\/style>\n<div  class='hr av-av_hr-5ea7596238ed9f191e6b5e662093052f hr-invisible  avia-builder-el-5  el_after_av_textblock  el_before_av_textblock '><span class='hr-inner '><span class=\"hr-inner-style\"><\/span><\/span><\/div><br \/>\n<section  class='av_textblock_section av-av_textblock-2de302bf1aa3cf4c9157dbe6f50ac7eb '   itemscope=\"itemscope\" itemtype=\"https:\/\/schema.org\/CreativeWork\" ><div class='avia_textblock'  itemprop=\"text\" ><p style=\"text-align: center;\">Truca&#8217;ns al:<br \/>\nt. <a href=\"tel:+34934300690\">93 430 06 90<\/a> (Barcelona)<br \/>\nt. <a href=\"tel:+34979740506\">979 74 05 06<\/a> (Pal\u00e8ncia)<\/p>\n<\/div><\/section><br \/>\n\n<style type=\"text\/css\" data-created_by=\"avia_inline_auto\" id=\"style-css-av-av_hr-5ea7596238ed9f191e6b5e662093052f\">\n#top .hr.hr-invisible.av-av_hr-5ea7596238ed9f191e6b5e662093052f{\nheight:30px;\n}\n<\/style>\n<div  class='hr av-av_hr-5ea7596238ed9f191e6b5e662093052f hr-invisible  avia-builder-el-7  el_after_av_textblock  el_before_av_textblock '><span class='hr-inner '><span class=\"hr-inner-style\"><\/span><\/span><\/div><br \/>\n<section  class='av_textblock_section av-av_textblock-2de302bf1aa3cf4c9157dbe6f50ac7eb '   itemscope=\"itemscope\" itemtype=\"https:\/\/schema.org\/CreativeWork\" ><div class='avia_textblock'  itemprop=\"text\" ><p style=\"text-align: center;\">O omple aquest formulari:<\/p>\n<\/div><\/section><br \/>\n<form action=\"https:\/\/pielesprieto.es\/ca\/contacte\/\" method=\"post\" data-fields-with-error=\"Found errors in the following field(s):\" class=\"avia_ajax_form av-form-labels-visible   avia-builder-el-9  el_after_av_textblock  avia-builder-el-last   \" data-avia-form-id=\"1\" data-avia-redirect='https:\/\/pielesprieto.es\/ca\/abans-i-despres\/' ><fieldset><p class='  first_form  form_element form_fullwidth' id='element_avia_1_1'><label for=\"avia_1_1\">Nom i cognoms <abbr class=\"required\" title=\"obligatori\">*<\/abbr><\/label> <input name=\"avia_1_1\" class=\"text_input is_empty\" type=\"text\" id=\"avia_1_1\" value=\"\" \/><\/p><p class='  first_form  form_element form_fullwidth' id='element_avia_2_1'><label for=\"avia_2_1\">Email <abbr class=\"required\" title=\"obligatori\">*<\/abbr><\/label> <input name=\"avia_2_1\" class=\"text_input is_email\" type=\"text\" id=\"avia_2_1\" value=\"\" \/><\/p><p class='  first_form  form_element form_fullwidth' id='element_avia_3_1'><label for=\"avia_3_1\" class=\"textare_label hidden textare_label_avia_3_1\">Escriu la teva pregunta o comentari <abbr class=\"required\" title=\"obligatori\">*<\/abbr><\/label><textarea  name=\"avia_3_1\" class=\"text_area is_empty\" cols=\"40\" rows=\"7\" id=\"avia_3_1\" ><\/textarea><\/p><p class='  first_form  form_element form_fullwidth' id='element_avia_4_1'><input  name=\"avia_4_1\" class=\"input_checkbox is_empty\" type=\"checkbox\" id=\"avia_4_1\" value=\"true\"\/><label class=\"input_checkbox_label\" for=\"avia_4_1\"> Consento l\u2019\u00fas de les meves dades per a les finalitats indicades en la pol\u00edtica de privadesa \"<a href=\"https:\/\/pielesprieto.es\/ca\/politica-de-privacitat\/\" target=\"_blank\" rel=\"noopener\">LES SEVES DADES SEGURES<\/a>\". <abbr class=\"required\" title=\"obligatori\">*<\/abbr><\/label><\/p><p class='  first_form  form_element form_fullwidth' id='element_avia_5_1'><input  name=\"avia_5_1\" class=\"input_checkbox \" type=\"checkbox\" id=\"avia_5_1\" value=\"true\"\/><label class=\"input_checkbox_label\" for=\"avia_5_1\">Consento l\u2019\u00fas de les meves dades personals per rebre publicitat de la seva entitat.<\/label><\/p><div id='avia_6_1' class='av-form-text'><\/p>\n<div class=\"togglecontainer toggle_close_all avia-builder-el-0 avia-builder-el-no-sibling enable_toggles\">\n<section class=\"av_toggle_section\">\n<div class=\"single_toggle\" data-tags=\"{Todo} \">\n<p class=\"toggler\" data-fake-id=\"#toggle-id-1\">INFORMACI\u00d3 B\u00c1SICA SOBRE PROTECCI\u00d3 DE DADES<\/p>\n<div id=\"toggle-id-1-container\" class=\"toggle_wrap\">\n<div class=\"toggle_content invers-color \">\n<table>\n<tbody>\n<tr>\n<td colspan=\"2\" width=\"708\"><strong>INFORMACI\u00d3 B\u00c1SICA SOBRE PROTECCI\u00d3 DE DADES<\/strong><\/td>\n<\/tr>\n<tr>\n<td width=\"354\"><strong>Responsable del tractament<\/strong><\/td>\n<td width=\"354\">PIELES PRIETO S.A.<\/td>\n<\/tr>\n<tr>\n<td width=\"354\"><strong>Direcci\u00f3 del responsable<\/strong><\/td>\n<td width=\"354\">Calle Loreto, 9 Bajos, CP 08029, BARCELONA (Barcelona)<\/td>\n<\/tr>\n<tr>\n<td width=\"354\"><strong>Finalitat<\/strong><\/td>\n<td width=\"354\">Les seves dades seran usades per poder atendre les seves sol\u00b7licituds i prestar-li els nostres serveis.<\/td>\n<\/tr>\n<tr>\n<td width=\"354\"><strong>Publicitat<\/strong><\/td>\n<td width=\"354\">Solament li enviarem publicitat amb la seva autoritzaci\u00f3 pr\u00e8via, que podr\u00e0 facilitar-nos mitjan\u00e7ant la casella corresponent establerta a aquest efecte.<\/td>\n<\/tr>\n<tr>\n<td width=\"354\"><strong>Legitimaci\u00f3<\/strong><\/td>\n<td width=\"354\">\u00danicament tractarem les seves dades amb el seu consentiment previ, que podr\u00e0 facilitar-nos mitjan\u00e7ant la casella corresponent establerta a aquest efecte.<\/td>\n<\/tr>\n<tr>\n<td width=\"354\"><strong>Destinataris<\/strong><\/td>\n<td width=\"354\">Amb car\u00e0cter general, nom\u00e9s el personal de la nostra entitat que estigui degudament autoritzat podr\u00e0 tenir coneixement de la informaci\u00f3 que li demanem.<\/td>\n<\/tr>\n<tr>\n<td width=\"354\"><strong>Drets<\/strong><\/td>\n<td width=\"354\">T\u00e9 dret a saber\u00a0que\u00a0informaci\u00f3 tenim sobre vost\u00e8, corregir-la i eliminar-la, tal com s&#8217;explica en la informaci\u00f3 addicional disponible a la nostra p\u00e0gina web.<\/td>\n<\/tr>\n<tr>\n<td width=\"354\"><strong>Informaci\u00f3 addicional<\/strong><\/td>\n<td width=\"354\">M\u00e9s informaci\u00f3 a l&#8217;apartat <strong>&#8220;LES SEVES DADES SEGURES&#8221; <\/strong>de la nostra p\u00e0gina web.<\/td>\n<\/tr>\n<\/tbody>\n<\/table>\n<\/div>\n<\/div>\n<\/div>\n<\/section>\n<\/div>\n<p>\n<\/div><p class=\"hidden\"><input type=\"text\" name=\"avia_7_1\" class=\"hidden \" id=\"avia_7_1\" value=\"\" \/><\/p><p class='   form_element form_fullwidth' id='element_avia_8_1'><span class='value_verifier_label'>6 + 2 = ?<\/span><input name=\"avia_8_1_verifier\" type=\"hidden\" id=\"avia_8_1_verifier\" value=\"744175618\"\/><label for=\"avia_8_1\">Per major seguretat, respon a la seg\u00fcent pregunta <abbr class=\"required\" title=\"obligatori\">*<\/abbr><\/label><input name=\"avia_8_1\" class=\"text_input captcha\" type=\"text\" id=\"avia_8_1\" value=\"\"\/><\/p><p class=\"form_element \"><input type=\"hidden\" value=\"1\" name=\"avia_generated_form1\" \/><input type=\"submit\" value=\"Enviar\" class=\"button\"  data-sending-label=\"Enviant\"\/><\/p><\/fieldset><\/form><div id=\"ajaxresponse_1\" class=\"ajaxresponse ajaxresponse_1 hidden\"><\/div><\/p><\/div>\n<style type=\"text\/css\" data-created_by=\"avia_inline_auto\" id=\"style-css-av-av_one_fifth-0aa7055fe62c3622faec82866afbaeb2\">\n.flex_column.av-av_one_fifth-0aa7055fe62c3622faec82866afbaeb2{\n-webkit-border-radius:0px 0px 0px 0px;\n-moz-border-radius:0px 0px 0px 0px;\nborder-radius:0px 0px 0px 0px;\npadding:0px 0px 0px 0px;\n}\n<\/style>\n<div  class='flex_column av-av_one_fifth-0aa7055fe62c3622faec82866afbaeb2 av_one_fifth  avia-builder-el-10  el_after_av_three_fifth  avia-builder-el-last  flex_column_div av-zero-column-padding  '     ><\/div><\/p>\n","protected":false},"excerpt":{"rendered":"","protected":false},"author":1,"featured_media":0,"parent":0,"menu_order":500,"comment_status":"closed","ping_status":"open","template":"","meta":[],"yoast_head":"<!-- This site is optimized with the Yoast SEO plugin v20.9 - https:\/\/yoast.com\/wordpress\/plugins\/seo\/ -->\n<title>Dubtes i cita previa amb la pelleteria | Pieles Prieto Barcelona<\/title>\n<meta name=\"description\" content=\"Tel\u00e8fon de contacte, email i formulari per estar connectats als nostres clients i poder oferir el millor servei.\" \/>\n<meta name=\"robots\" content=\"index, follow, max-snippet:-1, max-image-preview:large, max-video-preview:-1\" \/>\n<link rel=\"canonical\" href=\"https:\/\/pielesprieto.es\/ca\/contacte\/\" \/>\n<meta property=\"og:locale\" content=\"ca_ES\" \/>\n<meta property=\"og:type\" content=\"article\" \/>\n<meta property=\"og:title\" content=\"Dubtes i cita previa amb la pelleteria | Pieles Prieto Barcelona\" \/>\n<meta property=\"og:description\" content=\"Tel\u00e8fon de contacte, email i formulari per estar connectats als nostres clients i poder oferir el millor servei.\" \/>\n<meta property=\"og:url\" content=\"https:\/\/pielesprieto.es\/ca\/contacte\/\" \/>\n<meta property=\"og:site_name\" content=\"Pieles Prieto\" \/>\n<meta property=\"article:publisher\" content=\"https:\/\/www.facebook.com\/pielesprietobarcelona\/\" \/>\n<meta property=\"article:modified_time\" content=\"2019-11-20T12:35:25+00:00\" \/>\n<meta name=\"twitter:card\" content=\"summary_large_image\" \/>\n<meta name=\"twitter:site\" content=\"@PielesPrieto\" \/>\n<meta name=\"twitter:label1\" content=\"Temps estimat de lectura\" \/>\n\t<meta name=\"twitter:data1\" content=\"4 minuts\" \/>\n<script type=\"application\/ld+json\" class=\"yoast-schema-graph\">{\"@context\":\"https:\/\/schema.org\",\"@graph\":[{\"@type\":\"WebPage\",\"@id\":\"https:\/\/pielesprieto.es\/ca\/contacte\/\",\"url\":\"https:\/\/pielesprieto.es\/ca\/contacte\/\",\"name\":\"Dubtes i cita previa amb la pelleteria | Pieles Prieto Barcelona\",\"isPartOf\":{\"@id\":\"https:\/\/pielesprieto.es\/#website\"},\"datePublished\":\"2017-09-19T13:12:34+00:00\",\"dateModified\":\"2019-11-20T12:35:25+00:00\",\"description\":\"Tel\u00e8fon de contacte, email i formulari per estar connectats als nostres clients i poder oferir el millor servei.\",\"breadcrumb\":{\"@id\":\"https:\/\/pielesprieto.es\/ca\/contacte\/#breadcrumb\"},\"inLanguage\":\"ca\",\"potentialAction\":[{\"@type\":\"ReadAction\",\"target\":[\"https:\/\/pielesprieto.es\/ca\/contacte\/\"]}]},{\"@type\":\"BreadcrumbList\",\"@id\":\"https:\/\/pielesprieto.es\/ca\/contacte\/#breadcrumb\",\"itemListElement\":[{\"@type\":\"ListItem\",\"position\":1,\"name\":\"Portada\",\"item\":\"https:\/\/pielesprieto.es\/ca\/inici\/\"},{\"@type\":\"ListItem\",\"position\":2,\"name\":\"Contacte\"}]},{\"@type\":\"WebSite\",\"@id\":\"https:\/\/pielesprieto.es\/#website\",\"url\":\"https:\/\/pielesprieto.es\/\",\"name\":\"Pieles Prieto\",\"description\":\"Pieles Prieto\",\"potentialAction\":[{\"@type\":\"SearchAction\",\"target\":{\"@type\":\"EntryPoint\",\"urlTemplate\":\"https:\/\/pielesprieto.es\/?s={search_term_string}\"},\"query-input\":\"required name=search_term_string\"}],\"inLanguage\":\"ca\"}]}<\/script>\n<!-- \/ Yoast SEO plugin. -->","yoast_head_json":{"title":"Dubtes i cita previa amb la pelleteria | Pieles Prieto Barcelona","description":"Tel\u00e8fon de contacte, email i formulari per estar connectats als nostres clients i poder oferir el millor servei.","robots":{"index":"index","follow":"follow","max-snippet":"max-snippet:-1","max-image-preview":"max-image-preview:large","max-video-preview":"max-video-preview:-1"},"canonical":"https:\/\/pielesprieto.es\/ca\/contacte\/","og_locale":"ca_ES","og_type":"article","og_title":"Dubtes i cita previa amb la pelleteria | Pieles Prieto Barcelona","og_description":"Tel\u00e8fon de contacte, email i formulari per estar connectats als nostres clients i poder oferir el millor servei.","og_url":"https:\/\/pielesprieto.es\/ca\/contacte\/","og_site_name":"Pieles Prieto","article_publisher":"https:\/\/www.facebook.com\/pielesprietobarcelona\/","article_modified_time":"2019-11-20T12:35:25+00:00","twitter_card":"summary_large_image","twitter_site":"@PielesPrieto","twitter_misc":{"Temps estimat de lectura":"4 minuts"},"schema":{"@context":"https:\/\/schema.org","@graph":[{"@type":"WebPage","@id":"https:\/\/pielesprieto.es\/ca\/contacte\/","url":"https:\/\/pielesprieto.es\/ca\/contacte\/","name":"Dubtes i cita previa amb la pelleteria | Pieles Prieto Barcelona","isPartOf":{"@id":"https:\/\/pielesprieto.es\/#website"},"datePublished":"2017-09-19T13:12:34+00:00","dateModified":"2019-11-20T12:35:25+00:00","description":"Tel\u00e8fon de contacte, email i formulari per estar connectats als nostres clients i poder oferir el millor servei.","breadcrumb":{"@id":"https:\/\/pielesprieto.es\/ca\/contacte\/#breadcrumb"},"inLanguage":"ca","potentialAction":[{"@type":"ReadAction","target":["https:\/\/pielesprieto.es\/ca\/contacte\/"]}]},{"@type":"BreadcrumbList","@id":"https:\/\/pielesprieto.es\/ca\/contacte\/#breadcrumb","itemListElement":[{"@type":"ListItem","position":1,"name":"Portada","item":"https:\/\/pielesprieto.es\/ca\/inici\/"},{"@type":"ListItem","position":2,"name":"Contacte"}]},{"@type":"WebSite","@id":"https:\/\/pielesprieto.es\/#website","url":"https:\/\/pielesprieto.es\/","name":"Pieles Prieto","description":"Pieles Prieto","potentialAction":[{"@type":"SearchAction","target":{"@type":"EntryPoint","urlTemplate":"https:\/\/pielesprieto.es\/?s={search_term_string}"},"query-input":"required name=search_term_string"}],"inLanguage":"ca"}]}},"_links":{"self":[{"href":"https:\/\/pielesprieto.es\/ca\/wp-json\/wp\/v2\/pages\/539"}],"collection":[{"href":"https:\/\/pielesprieto.es\/ca\/wp-json\/wp\/v2\/pages"}],"about":[{"href":"https:\/\/pielesprieto.es\/ca\/wp-json\/wp\/v2\/types\/page"}],"author":[{"embeddable":true,"href":"https:\/\/pielesprieto.es\/ca\/wp-json\/wp\/v2\/users\/1"}],"replies":[{"embeddable":true,"href":"https:\/\/pielesprieto.es\/ca\/wp-json\/wp\/v2\/comments?post=539"}],"version-history":[{"count":10,"href":"https:\/\/pielesprieto.es\/ca\/wp-json\/wp\/v2\/pages\/539\/revisions"}],"predecessor-version":[{"id":4980,"href":"https:\/\/pielesprieto.es\/ca\/wp-json\/wp\/v2\/pages\/539\/revisions\/4980"}],"wp:attachment":[{"href":"https:\/\/pielesprieto.es\/ca\/wp-json\/wp\/v2\/media?parent=539"}],"curies":[{"name":"wp","href":"https:\/\/api.w.org\/{rel}","templated":true}]}}