{"id":2517,"date":"2018-05-18T18:35:49","date_gmt":"2018-05-18T16:35:49","guid":{"rendered":"https:\/\/pielesprieto.es\/?page_id=2517"},"modified":"2018-05-18T18:43:35","modified_gmt":"2018-05-18T16:43:35","slug":"blog","status":"publish","type":"page","link":"https:\/\/pielesprieto.es\/ca\/blog\/","title":{"rendered":"Blog"},"content":{"rendered":"\n<style type=\"text\/css\" data-created_by=\"avia_inline_auto\" id=\"style-css-av-av_section-72b66ffb6ad7d37cb59a1eafde3ae59a\">\n.avia-section.av-av_section-72b66ffb6ad7d37cb59a1eafde3ae59a{\nbackground-color:#000000;\nbackground-image:unset;\n}\n<\/style>\n<div id='av_section_1'  class='avia-section av-av_section-72b66ffb6ad7d37cb59a1eafde3ae59a main_color avia-section-default avia-no-shadow  avia-builder-el-0  el_before_av_blog  avia-builder-el-first  avia-bg-style-scroll container_wrap sidebar_right'  ><div class='container av-section-cont-open' ><main  role=\"main\" itemprop=\"mainContentOfPage\"  class='template-page content  av-content-small alpha units'><div class='post-entry post-entry-type-page post-entry-2517'><div class='entry-content-wrapper clearfix'>\n<section  class='av_textblock_section av-av_textblock-2de302bf1aa3cf4c9157dbe6f50ac7eb '   itemscope=\"itemscope\" itemtype=\"https:\/\/schema.org\/CreativeWork\" ><div class='avia_textblock'  itemprop=\"text\" ><h1 style=\"color: #ffffff; text-align: center;\">BLOG DE PRIETO BARCELONA<\/h1>\n<h2 class=\"comop\" style=\"color: #ffffff; text-align: center;\">Totes les not\u00edcies de la marca i del sector de la pelleteria<\/h2>\n<\/div><\/section>\n<\/div><\/div><\/main><!-- close content main element --><\/div><\/div><div id='after_section_1'  class='main_color av_default_container_wrap container_wrap sidebar_right'  ><div class='container av-section-cont-open' ><div class='template-page content  av-content-small alpha units'><div class='post-entry post-entry-type-page post-entry-2517'><div class='entry-content-wrapper clearfix'><div  class='av-alb-blogposts template-blog  av-blog-meta-author-disabled av-blog-meta-comments-disabled av-blog-meta-category-disabled av-blog-meta-html-info-disabled av-blog-meta-tag-disabled '  itemscope=\"itemscope\" itemtype=\"https:\/\/schema.org\/Blog\" ><article class=\"post-entry post-entry-type-standard post-entry-6182 post-loop-1 post-parity-odd single-small with-slider post-6182 post type-post status-publish format-standard has-post-thumbnail hentry category-noticies-prieto-barcelona tag-prieto-accesorios-ca tag-prieto-complementos-ca tag-prieto-e-shop-ca tag-prieto-on-line-ca\"  itemscope=\"itemscope\" itemtype=\"https:\/\/schema.org\/BlogPosting\" ><div class=\"blog-meta\"><a href='https:\/\/pielesprieto.es\/ca\/nova-botiga-on-line-prieto-barcelona-e-shop\/' class='small-preview'  title=\"e-shop-blog\"   itemprop=\"image\" itemscope=\"itemscope\" itemtype=\"https:\/\/schema.org\/ImageObject\" ><img width=\"180\" height=\"180\" src=\"https:\/\/pielesprieto.es\/wp-content\/uploads\/2019\/12\/e-shop-blog-180x180.png\" class=\"wp-image-6174 avia-img-lazy-loading-not-6174 attachment-square size-square wp-post-image\" alt=\"\" decoding=\"async\" srcset=\"https:\/\/pielesprieto.es\/wp-content\/uploads\/2019\/12\/e-shop-blog-180x180.png 180w, https:\/\/pielesprieto.es\/wp-content\/uploads\/2019\/12\/e-shop-blog-80x80.png 80w, https:\/\/pielesprieto.es\/wp-content\/uploads\/2019\/12\/e-shop-blog-36x36.png 36w, https:\/\/pielesprieto.es\/wp-content\/uploads\/2019\/12\/e-shop-blog-100x100.png 100w, https:\/\/pielesprieto.es\/wp-content\/uploads\/2019\/12\/e-shop-blog-300x300.png 300w\" sizes=\"(max-width: 180px) 100vw, 180px\" \/><span class=\"iconfont\" aria-hidden='true' data-av_icon='\ue836' data-av_iconfont='entypo-fontello'><\/span><\/a><\/div><div class='entry-content-wrapper clearfix standard-content'><header class=\"entry-content-header\"><h2 class='post-title entry-title '  itemprop=\"headline\" ><a href=\"https:\/\/pielesprieto.es\/ca\/nova-botiga-on-line-prieto-barcelona-e-shop\/\" rel=\"bookmark\" title=\"Permanent Link: Nova botiga on-line. Prieto Barcelona E-SHOP\">Nova botiga on-line. Prieto Barcelona E-SHOP<span class=\"post-format-icon minor-meta\"><\/span><\/a><\/h2><span class=\"post-meta-infos\"><time class=\"date-container minor-meta updated\"  itemprop=\"datePublished\" datetime=\"2019-12-13T13:57:47+02:00\" >13 desembre, 2019<\/time><\/span><\/header><div class=\"entry-content\"  itemprop=\"text\" ><div class=\"read-more-link\"><a href=\"https:\/\/pielesprieto.es\/ca\/nova-botiga-on-line-prieto-barcelona-e-shop\/\" class=\"more-link\">Llegir m\u00e9s<span class=\"more-link-arrow\"><\/span><\/a><\/div>\n<\/div><footer class=\"entry-footer\"><\/footer><div class='post_delimiter'><\/div><\/div><div class=\"post_author_timeline\"><\/div><span class='hidden'>\n\t\t\t\t<span class='av-structured-data'  itemprop=\"image\" itemscope=\"itemscope\" itemtype=\"https:\/\/schema.org\/ImageObject\" >\n\t\t\t\t\t\t<span itemprop='url'>https:\/\/pielesprieto.es\/wp-content\/uploads\/2019\/12\/e-shop-blog.png<\/span>\n\t\t\t\t\t\t<span itemprop='height'>935<\/span>\n\t\t\t\t\t\t<span itemprop='width'>1379<\/span>\n\t\t\t\t<\/span>\n\t\t\t\t<span class='av-structured-data'  itemprop=\"publisher\" itemtype=\"https:\/\/schema.org\/Organization\" itemscope=\"itemscope\" >\n\t\t\t\t\t\t<span itemprop='name'>pp-administrador<\/span>\n\t\t\t\t\t\t<span itemprop='logo' itemscope itemtype='https:\/\/schema.org\/ImageObject'>\n\t\t\t\t\t\t\t<span itemprop='url'>https:\/\/pielesprieto.es\/wp-content\/uploads\/2019\/10\/Logo-prieto-alargado09-1-titulo-nuevo02.png<\/span>\n\t\t\t\t\t\t<\/span>\n\t\t\t\t<\/span><span class='av-structured-data'  itemprop=\"author\" itemscope=\"itemscope\" itemtype=\"https:\/\/schema.org\/Person\" ><span itemprop='name'>pp-administrador<\/span><\/span><span class='av-structured-data'  itemprop=\"datePublished\" datetime=\"2019-12-13T13:57:47+02:00\" >2019-12-13 13:57:47<\/span><span class='av-structured-data'  itemprop=\"dateModified\" itemtype=\"https:\/\/schema.org\/dateModified\" >2019-12-13 17:22:54<\/span><span class='av-structured-data'  itemprop=\"mainEntityOfPage\" itemtype=\"https:\/\/schema.org\/mainEntityOfPage\" ><span itemprop='name'>Nova botiga on-line. Prieto Barcelona E-SHOP<\/span><\/span><\/span><\/article><article class=\"post-entry post-entry-type-standard post-entry-5148 post-loop-2 post-parity-even single-small with-slider post-5148 post type-post status-publish format-standard has-post-thumbnail hentry category-noticies-prieto-barcelona tag-contacte-pelleteries-barcelona tag-contacto-peleterias-barcelona-ca tag-moda-peleteria-en-barcelona-ca tag-moda-pelleteria-barcelona tag-pelleteria-barcelona tag-private-shopping-a-barcelona tag-professionals-de-la-pell tag-taller-pelleteria-barcelona tag-unique-shops-a-barcelona tag-unique-shops-in-barcelona-2-ca\"  itemscope=\"itemscope\" itemtype=\"https:\/\/schema.org\/BlogPosting\" ><div class=\"blog-meta\"><a href='https:\/\/pielesprieto.es\/ca\/contacte-pelleteria-prieto-barcelona\/' class='small-preview'  title=\"blog_PP+accesible\"   itemprop=\"image\" itemscope=\"itemscope\" itemtype=\"https:\/\/schema.org\/ImageObject\" ><img width=\"180\" height=\"180\" src=\"https:\/\/pielesprieto.es\/wp-content\/uploads\/2019\/11\/blog_PPaccesible-180x180.jpg\" class=\"wp-image-5125 avia-img-lazy-loading-not-5125 attachment-square size-square wp-post-image\" alt=\"\" decoding=\"async\" srcset=\"https:\/\/pielesprieto.es\/wp-content\/uploads\/2019\/11\/blog_PPaccesible-180x180.jpg 180w, https:\/\/pielesprieto.es\/wp-content\/uploads\/2019\/11\/blog_PPaccesible-80x80.jpg 80w, https:\/\/pielesprieto.es\/wp-content\/uploads\/2019\/11\/blog_PPaccesible-36x36.jpg 36w, https:\/\/pielesprieto.es\/wp-content\/uploads\/2019\/11\/blog_PPaccesible-100x100.jpg 100w, https:\/\/pielesprieto.es\/wp-content\/uploads\/2019\/11\/blog_PPaccesible-300x300.jpg 300w\" sizes=\"(max-width: 180px) 100vw, 180px\" \/><span class=\"iconfont\" aria-hidden='true' data-av_icon='\ue836' data-av_iconfont='entypo-fontello'><\/span><\/a><\/div><div class='entry-content-wrapper clearfix standard-content'><header class=\"entry-content-header\"><h2 class='post-title entry-title '  itemprop=\"headline\" ><a href=\"https:\/\/pielesprieto.es\/ca\/contacte-pelleteria-prieto-barcelona\/\" rel=\"bookmark\" title=\"Permanent Link: Prieto Barcelona m\u00e9s accesible que mai\">Prieto Barcelona m\u00e9s accesible que mai<span class=\"post-format-icon minor-meta\"><\/span><\/a><\/h2><span class=\"post-meta-infos\"><time class=\"date-container minor-meta updated\"  itemprop=\"datePublished\" datetime=\"2019-10-03T11:06:17+02:00\" >3 octubre, 2019<\/time><\/span><\/header><div class=\"entry-content\"  itemprop=\"text\" ><div class=\"read-more-link\"><a href=\"https:\/\/pielesprieto.es\/ca\/contacte-pelleteria-prieto-barcelona\/\" class=\"more-link\">Llegir m\u00e9s<span class=\"more-link-arrow\"><\/span><\/a><\/div>\n<\/div><footer class=\"entry-footer\"><\/footer><div class='post_delimiter'><\/div><\/div><div class=\"post_author_timeline\"><\/div><span class='hidden'>\n\t\t\t\t<span class='av-structured-data'  itemprop=\"image\" itemscope=\"itemscope\" itemtype=\"https:\/\/schema.org\/ImageObject\" >\n\t\t\t\t\t\t<span itemprop='url'>https:\/\/pielesprieto.es\/wp-content\/uploads\/2019\/11\/blog_PPaccesible.jpg<\/span>\n\t\t\t\t\t\t<span itemprop='height'>649<\/span>\n\t\t\t\t\t\t<span itemprop='width'>1224<\/span>\n\t\t\t\t<\/span>\n\t\t\t\t<span class='av-structured-data'  itemprop=\"publisher\" itemtype=\"https:\/\/schema.org\/Organization\" itemscope=\"itemscope\" >\n\t\t\t\t\t\t<span itemprop='name'>pp-administrador<\/span>\n\t\t\t\t\t\t<span itemprop='logo' itemscope itemtype='https:\/\/schema.org\/ImageObject'>\n\t\t\t\t\t\t\t<span itemprop='url'>https:\/\/pielesprieto.es\/wp-content\/uploads\/2019\/10\/Logo-prieto-alargado09-1-titulo-nuevo02.png<\/span>\n\t\t\t\t\t\t<\/span>\n\t\t\t\t<\/span><span class='av-structured-data'  itemprop=\"author\" itemscope=\"itemscope\" itemtype=\"https:\/\/schema.org\/Person\" ><span itemprop='name'>pp-administrador<\/span><\/span><span class='av-structured-data'  itemprop=\"datePublished\" datetime=\"2019-10-03T11:06:17+02:00\" >2019-10-03 11:06:17<\/span><span class='av-structured-data'  itemprop=\"dateModified\" itemtype=\"https:\/\/schema.org\/dateModified\" >2019-11-27 15:02:08<\/span><span class='av-structured-data'  itemprop=\"mainEntityOfPage\" itemtype=\"https:\/\/schema.org\/mainEntityOfPage\" ><span itemprop='name'>Prieto Barcelona m\u00e9s accesible que mai<\/span><\/span><\/span><\/article><article class=\"post-entry post-entry-type-standard post-entry-3743 post-loop-3 post-parity-odd single-small with-slider post-3743 post type-post status-publish format-standard has-post-thumbnail hentry category-curiositats-pelleteria category-sin-categoria-ca tag-cambra-conservacio-pelleteria tag-manteniment-abrics-de-pell tag-pelleteria-barcelona tag-prieto-barcelona-ca tag-professionals-de-la-pelleteria-a-barcelona tag-servei-de-cambra-de-conservacio tag-taller-de-pell-a-barcelona tag-taller-de-pelleteria-a-barcelona\"  itemscope=\"itemscope\" itemtype=\"https:\/\/schema.org\/BlogPosting\" ><div class=\"blog-meta\"><a href='https:\/\/pielesprieto.es\/ca\/manteniment-pelleteria-cambra\/' class='small-preview'  title=\"Prendas de peleter\u00eda del servicio de peleter\u00eda conservaci\u00f3n c\u00e1mara. Cuidado de las prendas de piel y peleter\u00eda.\"   itemprop=\"image\" itemscope=\"itemscope\" itemtype=\"https:\/\/schema.org\/ImageObject\" ><img width=\"180\" height=\"124\" src=\"https:\/\/pielesprieto.es\/wp-content\/uploads\/2019\/05\/201905_CAMARA-CONSERVACI\u00d3N.jpg\" class=\"wp-image-3735 avia-img-lazy-loading-not-3735 attachment-square size-square wp-post-image\" alt=\"Servicio de c\u00e1mara de conservaci\u00f3n de peleter\u00eda.\" decoding=\"async\" srcset=\"https:\/\/pielesprieto.es\/wp-content\/uploads\/2019\/05\/201905_CAMARA-CONSERVACI\u00d3N.jpg 960w, https:\/\/pielesprieto.es\/wp-content\/uploads\/2019\/05\/201905_CAMARA-CONSERVACI\u00d3N-600x413.jpg 600w\" sizes=\"(max-width: 180px) 100vw, 180px\" \/><span class=\"iconfont\" aria-hidden='true' data-av_icon='\ue836' data-av_iconfont='entypo-fontello'><\/span><\/a><\/div><div class='entry-content-wrapper clearfix standard-content'><header class=\"entry-content-header\"><h2 class='post-title entry-title '  itemprop=\"headline\" ><a href=\"https:\/\/pielesprieto.es\/ca\/manteniment-pelleteria-cambra\/\" rel=\"bookmark\" title=\"Permanent Link: Arriba el canvi d&#8217;armari, torno a guardar els meus articles de pelleteria a l\u2019armari?\">Arriba el canvi d&#8217;armari, torno a guardar els meus articles de pelleteria a l\u2019armari?<span class=\"post-format-icon minor-meta\"><\/span><\/a><\/h2><span class=\"post-meta-infos\"><time class=\"date-container minor-meta updated\"  itemprop=\"datePublished\" datetime=\"2019-05-09T16:55:21+02:00\" >9 maig, 2019<\/time><\/span><\/header><div class=\"entry-content\"  itemprop=\"text\" ><div class=\"read-more-link\"><a href=\"https:\/\/pielesprieto.es\/ca\/manteniment-pelleteria-cambra\/\" class=\"more-link\">Llegir m\u00e9s<span class=\"more-link-arrow\"><\/span><\/a><\/div>\n<\/div><footer class=\"entry-footer\"><\/footer><div class='post_delimiter'><\/div><\/div><div class=\"post_author_timeline\"><\/div><span class='hidden'>\n\t\t\t\t<span class='av-structured-data'  itemprop=\"image\" itemscope=\"itemscope\" itemtype=\"https:\/\/schema.org\/ImageObject\" >\n\t\t\t\t\t\t<span itemprop='url'>https:\/\/pielesprieto.es\/wp-content\/uploads\/2019\/05\/201905_CAMARA-CONSERVACI\u00d3N.jpg<\/span>\n\t\t\t\t\t\t<span itemprop='height'>660<\/span>\n\t\t\t\t\t\t<span itemprop='width'>960<\/span>\n\t\t\t\t<\/span>\n\t\t\t\t<span class='av-structured-data'  itemprop=\"publisher\" itemtype=\"https:\/\/schema.org\/Organization\" itemscope=\"itemscope\" >\n\t\t\t\t\t\t<span itemprop='name'>pp-administrador<\/span>\n\t\t\t\t\t\t<span itemprop='logo' itemscope itemtype='https:\/\/schema.org\/ImageObject'>\n\t\t\t\t\t\t\t<span itemprop='url'>https:\/\/pielesprieto.es\/wp-content\/uploads\/2019\/10\/Logo-prieto-alargado09-1-titulo-nuevo02.png<\/span>\n\t\t\t\t\t\t<\/span>\n\t\t\t\t<\/span><span class='av-structured-data'  itemprop=\"author\" itemscope=\"itemscope\" itemtype=\"https:\/\/schema.org\/Person\" ><span itemprop='name'>pp-administrador<\/span><\/span><span class='av-structured-data'  itemprop=\"datePublished\" datetime=\"2019-05-09T16:55:21+02:00\" >2019-05-09 16:55:21<\/span><span class='av-structured-data'  itemprop=\"dateModified\" itemtype=\"https:\/\/schema.org\/dateModified\" >2019-11-26 17:23:47<\/span><span class='av-structured-data'  itemprop=\"mainEntityOfPage\" itemtype=\"https:\/\/schema.org\/mainEntityOfPage\" ><span itemprop='name'>Arriba el canvi d&#8217;armari, torno a guardar els meus articles de pelleteria a l\u2019armari?<\/span><\/span><\/span><\/article><article class=\"post-entry post-entry-type-standard post-entry-3611 post-loop-4 post-parity-even single-small with-slider post-3611 post type-post status-publish format-standard has-post-thumbnail hentry category-noticies-prieto-barcelona tag-accesoris-pelleteria tag-accessoris-pelleteria tag-amor-ca tag-blog-moda-ca tag-complements-pelleteria tag-complements-prieto tag-dia-dels-enamorats tag-fur-ca tag-love-ca tag-pelleteria tag-pelleteria-a-barcelona tag-prieto-a-barcelona tag-regal tag-regal-amor tag-sant-valenti tag-tendencies-pelleteria\"  itemscope=\"itemscope\" itemtype=\"https:\/\/schema.org\/BlogPosting\" ><div class=\"blog-meta\"><a href='https:\/\/pielesprieto.es\/ca\/regal-pelleteria-sant-valenti\/' class='small-preview'  title=\"REGALO-PRIETO-PELETERIA-SAN-VALENTIN\"   itemprop=\"image\" itemscope=\"itemscope\" itemtype=\"https:\/\/schema.org\/ImageObject\" ><img width=\"180\" height=\"124\" src=\"https:\/\/pielesprieto.es\/wp-content\/uploads\/2019\/02\/REGALO-PRIETO-PELETERIA-SAN-VALENTIN.jpg\" class=\"wp-image-3602 avia-img-lazy-loading-not-3602 attachment-square size-square wp-post-image\" alt=\"\" decoding=\"async\" srcset=\"https:\/\/pielesprieto.es\/wp-content\/uploads\/2019\/02\/REGALO-PRIETO-PELETERIA-SAN-VALENTIN.jpg 960w, https:\/\/pielesprieto.es\/wp-content\/uploads\/2019\/02\/REGALO-PRIETO-PELETERIA-SAN-VALENTIN-600x413.jpg 600w\" sizes=\"(max-width: 180px) 100vw, 180px\" \/><span class=\"iconfont\" aria-hidden='true' data-av_icon='\ue836' data-av_iconfont='entypo-fontello'><\/span><\/a><\/div><div class='entry-content-wrapper clearfix standard-content'><header class=\"entry-content-header\"><h2 class='post-title entry-title '  itemprop=\"headline\" ><a href=\"https:\/\/pielesprieto.es\/ca\/regal-pelleteria-sant-valenti\/\" rel=\"bookmark\" title=\"Permanent Link: A Sant Valent\u00ed, enamora amb un complement de pelleteria de Prieto Barcelona\">A Sant Valent\u00ed, enamora amb un complement de pelleteria de Prieto Barcelona<span class=\"post-format-icon minor-meta\"><\/span><\/a><\/h2><span class=\"post-meta-infos\"><time class=\"date-container minor-meta updated\"  itemprop=\"datePublished\" datetime=\"2019-02-13T14:13:33+02:00\" >13 febrer, 2019<\/time><\/span><\/header><div class=\"entry-content\"  itemprop=\"text\" ><div class=\"read-more-link\"><a href=\"https:\/\/pielesprieto.es\/ca\/regal-pelleteria-sant-valenti\/\" class=\"more-link\">Llegir m\u00e9s<span class=\"more-link-arrow\"><\/span><\/a><\/div>\n<\/div><footer class=\"entry-footer\"><\/footer><div class='post_delimiter'><\/div><\/div><div class=\"post_author_timeline\"><\/div><span class='hidden'>\n\t\t\t\t<span class='av-structured-data'  itemprop=\"image\" itemscope=\"itemscope\" itemtype=\"https:\/\/schema.org\/ImageObject\" >\n\t\t\t\t\t\t<span itemprop='url'>https:\/\/pielesprieto.es\/wp-content\/uploads\/2019\/02\/REGALO-PRIETO-PELETERIA-SAN-VALENTIN.jpg<\/span>\n\t\t\t\t\t\t<span itemprop='height'>660<\/span>\n\t\t\t\t\t\t<span itemprop='width'>960<\/span>\n\t\t\t\t<\/span>\n\t\t\t\t<span class='av-structured-data'  itemprop=\"publisher\" itemtype=\"https:\/\/schema.org\/Organization\" itemscope=\"itemscope\" >\n\t\t\t\t\t\t<span itemprop='name'>pp-administrador<\/span>\n\t\t\t\t\t\t<span itemprop='logo' itemscope itemtype='https:\/\/schema.org\/ImageObject'>\n\t\t\t\t\t\t\t<span itemprop='url'>https:\/\/pielesprieto.es\/wp-content\/uploads\/2019\/10\/Logo-prieto-alargado09-1-titulo-nuevo02.png<\/span>\n\t\t\t\t\t\t<\/span>\n\t\t\t\t<\/span><span class='av-structured-data'  itemprop=\"author\" itemscope=\"itemscope\" itemtype=\"https:\/\/schema.org\/Person\" ><span itemprop='name'>pp-administrador<\/span><\/span><span class='av-structured-data'  itemprop=\"datePublished\" datetime=\"2019-02-13T14:13:33+02:00\" >2019-02-13 14:13:33<\/span><span class='av-structured-data'  itemprop=\"dateModified\" itemtype=\"https:\/\/schema.org\/dateModified\" >2019-11-27 14:57:17<\/span><span class='av-structured-data'  itemprop=\"mainEntityOfPage\" itemtype=\"https:\/\/schema.org\/mainEntityOfPage\" ><span itemprop='name'>A Sant Valent\u00ed, enamora amb un complement de pelleteria de Prieto Barcelona<\/span><\/span><\/span><\/article><article class=\"post-entry post-entry-type-standard post-entry-2583 post-loop-5 post-parity-odd single-small with-slider post-2583 post type-post status-publish format-standard has-post-thumbnail hentry category-noticies-prieto-barcelona category-noticies-sector-pelleter category-sin-categoria-ca tag-arranjaments-pell tag-arranjaments-pelleteria tag-pelleter-barcelona tag-pelleteria tag-pelleteria-barcelona tag-prieto-barcelona-ca tag-professionals-de-la-pelleteria-a-barcelona tag-taller-pell tag-taller-pelleteria tag-taller-pelleteria-barcelona tag-taller-transformacions-pelleteria tag-transformacions-de-pelleteria-a-barcelona\"  itemscope=\"itemscope\" itemtype=\"https:\/\/schema.org\/BlogPosting\" ><div class=\"blog-meta\"><a href='https:\/\/pielesprieto.es\/ca\/taller-pelleteria-pell\/' class='small-preview'  title=\"201806_TALLER_01\"   itemprop=\"image\" itemscope=\"itemscope\" itemtype=\"https:\/\/schema.org\/ImageObject\" ><img width=\"180\" height=\"124\" src=\"https:\/\/pielesprieto.es\/wp-content\/uploads\/2018\/06\/201806_TALLER_01.jpg\" class=\"wp-image-2574 avia-img-lazy-loading-not-2574 attachment-square size-square wp-post-image\" alt=\"\" decoding=\"async\" srcset=\"https:\/\/pielesprieto.es\/wp-content\/uploads\/2018\/06\/201806_TALLER_01.jpg 960w, https:\/\/pielesprieto.es\/wp-content\/uploads\/2018\/06\/201806_TALLER_01-600x413.jpg 600w\" sizes=\"(max-width: 180px) 100vw, 180px\" \/><span class=\"iconfont\" aria-hidden='true' data-av_icon='\ue836' data-av_iconfont='entypo-fontello'><\/span><\/a><\/div><div class='entry-content-wrapper clearfix standard-content'><header class=\"entry-content-header\"><h2 class='post-title entry-title '  itemprop=\"headline\" ><a href=\"https:\/\/pielesprieto.es\/ca\/taller-pelleteria-pell\/\" rel=\"bookmark\" title=\"Permanent Link: El taller de Prieto Barcelona, un dels pocs tallers de pelleteria que resten a Espanyaa\">El taller de Prieto Barcelona, un dels pocs tallers de pelleteria que resten a Espanyaa<span class=\"post-format-icon minor-meta\"><\/span><\/a><\/h2><span class=\"post-meta-infos\"><time class=\"date-container minor-meta updated\"  itemprop=\"datePublished\" datetime=\"2018-06-08T19:32:05+02:00\" >8 juny, 2018<\/time><\/span><\/header><div class=\"entry-content\"  itemprop=\"text\" ><div class=\"read-more-link\"><a href=\"https:\/\/pielesprieto.es\/ca\/taller-pelleteria-pell\/\" class=\"more-link\">Llegir m\u00e9s<span class=\"more-link-arrow\"><\/span><\/a><\/div>\n<\/div><footer class=\"entry-footer\"><\/footer><div class='post_delimiter'><\/div><\/div><div class=\"post_author_timeline\"><\/div><span class='hidden'>\n\t\t\t\t<span class='av-structured-data'  itemprop=\"image\" itemscope=\"itemscope\" itemtype=\"https:\/\/schema.org\/ImageObject\" >\n\t\t\t\t\t\t<span itemprop='url'>https:\/\/pielesprieto.es\/wp-content\/uploads\/2018\/06\/201806_TALLER_01.jpg<\/span>\n\t\t\t\t\t\t<span itemprop='height'>660<\/span>\n\t\t\t\t\t\t<span itemprop='width'>960<\/span>\n\t\t\t\t<\/span>\n\t\t\t\t<span class='av-structured-data'  itemprop=\"publisher\" itemtype=\"https:\/\/schema.org\/Organization\" itemscope=\"itemscope\" >\n\t\t\t\t\t\t<span itemprop='name'>pp-administrador<\/span>\n\t\t\t\t\t\t<span itemprop='logo' itemscope itemtype='https:\/\/schema.org\/ImageObject'>\n\t\t\t\t\t\t\t<span itemprop='url'>https:\/\/pielesprieto.es\/wp-content\/uploads\/2019\/10\/Logo-prieto-alargado09-1-titulo-nuevo02.png<\/span>\n\t\t\t\t\t\t<\/span>\n\t\t\t\t<\/span><span class='av-structured-data'  itemprop=\"author\" itemscope=\"itemscope\" itemtype=\"https:\/\/schema.org\/Person\" ><span itemprop='name'>pp-administrador<\/span><\/span><span class='av-structured-data'  itemprop=\"datePublished\" datetime=\"2018-06-08T19:32:05+02:00\" >2018-06-08 19:32:05<\/span><span class='av-structured-data'  itemprop=\"dateModified\" itemtype=\"https:\/\/schema.org\/dateModified\" >2019-11-27 14:56:07<\/span><span class='av-structured-data'  itemprop=\"mainEntityOfPage\" itemtype=\"https:\/\/schema.org\/mainEntityOfPage\" ><span itemprop='name'>El taller de Prieto Barcelona, un dels pocs tallers de pelleteria que resten a Espanyaa<\/span><\/span><\/span><\/article><article class=\"post-entry post-entry-type-standard post-entry-2256 post-loop-6 post-parity-even single-small with-slider post-2256 post type-post status-publish format-standard has-post-thumbnail hentry category-curiositats-pelleteria category-noticies-prieto-barcelona tag-blog-moda-ca tag-cambra-de-conservacio-de-pelleteria tag-cambra-de-conservacio-de-pelleteria-a-barcelona tag-cambra-de-conservacio-pelleteria tag-cambra-frigorifica-de-pelleteria tag-conservacio-peces-pelleteria tag-conservacio-pell tag-conservacio-pelleteria tag-manteniment-peces-pelleteria tag-prieto-barcelona-ca tag-professionals-de-la-pelleteria-a-barcelona tag-servei-de-cambra-de-conservacio\"  itemscope=\"itemscope\" itemtype=\"https:\/\/schema.org\/BlogPosting\" ><div class=\"blog-meta\"><a href='https:\/\/pielesprieto.es\/ca\/conservacio-manteniment-pelleteria\/' class='small-preview'  title=\"Prendas de peleter\u00eda de chinchilla, marta cibelina y lince de Nicol\u00e1s Prieto. Abrigos y chaquetones de fur.\"   itemprop=\"image\" itemscope=\"itemscope\" itemtype=\"https:\/\/schema.org\/ImageObject\" ><img width=\"180\" height=\"124\" src=\"https:\/\/pielesprieto.es\/wp-content\/uploads\/2018\/04\/201804_CONSERVACION-PRENDA-PIEL.jpg\" class=\"wp-image-2248 avia-img-lazy-loading-not-2248 attachment-square size-square wp-post-image\" alt=\"Abrigos y chaquetones de peleter\u00eda Nicol\u00e1s Prieto\" decoding=\"async\" srcset=\"https:\/\/pielesprieto.es\/wp-content\/uploads\/2018\/04\/201804_CONSERVACION-PRENDA-PIEL.jpg 960w, https:\/\/pielesprieto.es\/wp-content\/uploads\/2018\/04\/201804_CONSERVACION-PRENDA-PIEL-600x413.jpg 600w\" sizes=\"(max-width: 180px) 100vw, 180px\" \/><span class=\"iconfont\" aria-hidden='true' data-av_icon='\ue836' data-av_iconfont='entypo-fontello'><\/span><\/a><\/div><div class='entry-content-wrapper clearfix standard-content'><header class=\"entry-content-header\"><h2 class='post-title entry-title '  itemprop=\"headline\" ><a href=\"https:\/\/pielesprieto.es\/ca\/conservacio-manteniment-pelleteria\/\" rel=\"bookmark\" title=\"Permanent Link: Com puc conservar les meves peces de pelleteria en bon estat durant els mesos de primavera i estiu?\">Com puc conservar les meves peces de pelleteria en bon estat durant els mesos de primavera i estiu?<span class=\"post-format-icon minor-meta\"><\/span><\/a><\/h2><span class=\"post-meta-infos\"><time class=\"date-container minor-meta updated\"  itemprop=\"datePublished\" datetime=\"2018-04-24T11:38:43+02:00\" >24 abril, 2018<\/time><\/span><\/header><div class=\"entry-content\"  itemprop=\"text\" ><div class=\"read-more-link\"><a href=\"https:\/\/pielesprieto.es\/ca\/conservacio-manteniment-pelleteria\/\" class=\"more-link\">Llegir m\u00e9s<span class=\"more-link-arrow\"><\/span><\/a><\/div>\n<\/div><footer class=\"entry-footer\"><\/footer><div class='post_delimiter'><\/div><\/div><div class=\"post_author_timeline\"><\/div><span class='hidden'>\n\t\t\t\t<span class='av-structured-data'  itemprop=\"image\" itemscope=\"itemscope\" itemtype=\"https:\/\/schema.org\/ImageObject\" >\n\t\t\t\t\t\t<span itemprop='url'>https:\/\/pielesprieto.es\/wp-content\/uploads\/2018\/04\/201804_CONSERVACION-PRENDA-PIEL.jpg<\/span>\n\t\t\t\t\t\t<span itemprop='height'>660<\/span>\n\t\t\t\t\t\t<span itemprop='width'>960<\/span>\n\t\t\t\t<\/span>\n\t\t\t\t<span class='av-structured-data'  itemprop=\"publisher\" itemtype=\"https:\/\/schema.org\/Organization\" itemscope=\"itemscope\" >\n\t\t\t\t\t\t<span itemprop='name'>pp-administrador<\/span>\n\t\t\t\t\t\t<span itemprop='logo' itemscope itemtype='https:\/\/schema.org\/ImageObject'>\n\t\t\t\t\t\t\t<span itemprop='url'>https:\/\/pielesprieto.es\/wp-content\/uploads\/2019\/10\/Logo-prieto-alargado09-1-titulo-nuevo02.png<\/span>\n\t\t\t\t\t\t<\/span>\n\t\t\t\t<\/span><span class='av-structured-data'  itemprop=\"author\" itemscope=\"itemscope\" itemtype=\"https:\/\/schema.org\/Person\" ><span itemprop='name'>pp-administrador<\/span><\/span><span class='av-structured-data'  itemprop=\"datePublished\" datetime=\"2018-04-24T11:38:43+02:00\" >2018-04-24 11:38:43<\/span><span class='av-structured-data'  itemprop=\"dateModified\" itemtype=\"https:\/\/schema.org\/dateModified\" >2019-11-27 14:38:26<\/span><span class='av-structured-data'  itemprop=\"mainEntityOfPage\" itemtype=\"https:\/\/schema.org\/mainEntityOfPage\" ><span itemprop='name'>Com puc conservar les meves peces de pelleteria en bon estat durant els mesos de primavera i estiu?<\/span><\/span><\/span><\/article><article class=\"post-entry post-entry-type-standard post-entry-2082 post-loop-7 post-parity-odd single-small with-slider post-2082 post type-post status-publish format-standard has-post-thumbnail hentry category-noticies-prieto-barcelona category-tendencies-pelleteria tag-accesoris-de-pelleteria tag-accesoris-en-pell tag-blog-moda-ca tag-bosses-pell tag-complements-pell tag-complements-pelleteria tag-complements-prieto tag-moda-pelleteria tag-peces-pelleteria tag-pelleteries-a-barcelona tag-prieto-barcelona-ca\"  itemscope=\"itemscope\" itemtype=\"https:\/\/schema.org\/BlogPosting\" ><div class=\"blog-meta\"><a href='https:\/\/pielesprieto.es\/ca\/bosses-pell-final-temporada\/' class='small-preview'  title=\"Bolso de peleter\u00eda Prieto Barcelona, confeccionado en piel de astrac\u00e1n y napa.\"   itemprop=\"image\" itemscope=\"itemscope\" itemtype=\"https:\/\/schema.org\/ImageObject\" ><img width=\"180\" height=\"180\" src=\"https:\/\/pielesprieto.es\/wp-content\/uploads\/2018\/03\/201803_BOLSOS-PIEL_01-180x180.jpg\" class=\"wp-image-2050 avia-img-lazy-loading-not-2050 attachment-square size-square wp-post-image\" alt=\"Bolso de peleter\u00eda KILI Prieto Barcelona\" decoding=\"async\" srcset=\"https:\/\/pielesprieto.es\/wp-content\/uploads\/2018\/03\/201803_BOLSOS-PIEL_01-180x180.jpg 180w, https:\/\/pielesprieto.es\/wp-content\/uploads\/2018\/03\/201803_BOLSOS-PIEL_01-300x300.jpg 300w, https:\/\/pielesprieto.es\/wp-content\/uploads\/2018\/03\/201803_BOLSOS-PIEL_01-100x100.jpg 100w, https:\/\/pielesprieto.es\/wp-content\/uploads\/2018\/03\/201803_BOLSOS-PIEL_01-80x80.jpg 80w, https:\/\/pielesprieto.es\/wp-content\/uploads\/2018\/03\/201803_BOLSOS-PIEL_01-36x36.jpg 36w\" sizes=\"(max-width: 180px) 100vw, 180px\" \/><span class=\"iconfont\" aria-hidden='true' data-av_icon='\ue836' data-av_iconfont='entypo-fontello'><\/span><\/a><\/div><div class='entry-content-wrapper clearfix standard-content'><header class=\"entry-content-header\"><h2 class='post-title entry-title '  itemprop=\"headline\" ><a href=\"https:\/\/pielesprieto.es\/ca\/bosses-pell-final-temporada\/\" rel=\"bookmark\" title=\"Permanent Link: Les 4 bosses de p\u00e8l que encara pots portar i que et solucionen qualsevol look\">Les 4 bosses de p\u00e8l que encara pots portar i que et solucionen qualsevol look<span class=\"post-format-icon minor-meta\"><\/span><\/a><\/h2><span class=\"post-meta-infos\"><time class=\"date-container minor-meta updated\"  itemprop=\"datePublished\" datetime=\"2018-03-16T14:56:40+02:00\" >16 mar\u00e7, 2018<\/time><\/span><\/header><div class=\"entry-content\"  itemprop=\"text\" ><div class=\"read-more-link\"><a href=\"https:\/\/pielesprieto.es\/ca\/bosses-pell-final-temporada\/\" class=\"more-link\">Llegir m\u00e9s<span class=\"more-link-arrow\"><\/span><\/a><\/div>\n<\/div><footer class=\"entry-footer\"><\/footer><div class='post_delimiter'><\/div><\/div><div class=\"post_author_timeline\"><\/div><span class='hidden'>\n\t\t\t\t<span class='av-structured-data'  itemprop=\"image\" itemscope=\"itemscope\" itemtype=\"https:\/\/schema.org\/ImageObject\" >\n\t\t\t\t\t\t<span itemprop='url'>https:\/\/pielesprieto.es\/wp-content\/uploads\/2018\/03\/201803_BOLSOS-PIEL_01.jpg<\/span>\n\t\t\t\t\t\t<span itemprop='height'>660<\/span>\n\t\t\t\t\t\t<span itemprop='width'>960<\/span>\n\t\t\t\t<\/span>\n\t\t\t\t<span class='av-structured-data'  itemprop=\"publisher\" itemtype=\"https:\/\/schema.org\/Organization\" itemscope=\"itemscope\" >\n\t\t\t\t\t\t<span itemprop='name'>pp-administrador<\/span>\n\t\t\t\t\t\t<span itemprop='logo' itemscope itemtype='https:\/\/schema.org\/ImageObject'>\n\t\t\t\t\t\t\t<span itemprop='url'>https:\/\/pielesprieto.es\/wp-content\/uploads\/2019\/10\/Logo-prieto-alargado09-1-titulo-nuevo02.png<\/span>\n\t\t\t\t\t\t<\/span>\n\t\t\t\t<\/span><span class='av-structured-data'  itemprop=\"author\" itemscope=\"itemscope\" itemtype=\"https:\/\/schema.org\/Person\" ><span itemprop='name'>pp-administrador<\/span><\/span><span class='av-structured-data'  itemprop=\"datePublished\" datetime=\"2018-03-16T14:56:40+02:00\" >2018-03-16 14:56:40<\/span><span class='av-structured-data'  itemprop=\"dateModified\" itemtype=\"https:\/\/schema.org\/dateModified\" >2019-11-26 15:18:32<\/span><span class='av-structured-data'  itemprop=\"mainEntityOfPage\" itemtype=\"https:\/\/schema.org\/mainEntityOfPage\" ><span itemprop='name'>Les 4 bosses de p\u00e8l que encara pots portar i que et solucionen qualsevol look<\/span><\/span><\/span><\/article><article class=\"post-entry post-entry-type-standard post-entry-2039 post-loop-8 post-parity-even single-small with-slider post-2039 post type-post status-publish format-standard has-post-thumbnail hentry category-noticies-sector-pelleter category-tendencies-pelleteria tag-fira-pelleteria tag-moda tag-moda-milano tag-pelleteria tag-pelleteria-a-barcelona tag-professionals-de-la-pelleteria-a-barcelona tag-sector-pelleter tag-tendencies-de-moda\"  itemscope=\"itemscope\" itemtype=\"https:\/\/schema.org\/BlogPosting\" ><div class=\"blog-meta\"><a href='https:\/\/pielesprieto.es\/ca\/fira-sector-pelleter-theonemilano\/' class='small-preview'  title=\"Feria de peleter\u00eda TheOneMilano, complementos y prendas de piel y peleter\u00eda. Situada en el centro de Milano.\"   itemprop=\"image\" itemscope=\"itemscope\" itemtype=\"https:\/\/schema.org\/ImageObject\" ><img width=\"180\" height=\"180\" src=\"https:\/\/pielesprieto.es\/wp-content\/uploads\/2018\/02\/201802_MIFUR_01-180x180.jpg\" class=\"wp-image-2028 avia-img-lazy-loading-not-2028 attachment-square size-square wp-post-image\" alt=\"Nicol\u00e1s Prieto en feria de peleter\u00eda TheOneMilano\" decoding=\"async\" srcset=\"https:\/\/pielesprieto.es\/wp-content\/uploads\/2018\/02\/201802_MIFUR_01-180x180.jpg 180w, https:\/\/pielesprieto.es\/wp-content\/uploads\/2018\/02\/201802_MIFUR_01-300x300.jpg 300w, https:\/\/pielesprieto.es\/wp-content\/uploads\/2018\/02\/201802_MIFUR_01-100x100.jpg 100w, https:\/\/pielesprieto.es\/wp-content\/uploads\/2018\/02\/201802_MIFUR_01-80x80.jpg 80w, https:\/\/pielesprieto.es\/wp-content\/uploads\/2018\/02\/201802_MIFUR_01-36x36.jpg 36w\" sizes=\"(max-width: 180px) 100vw, 180px\" \/><span class=\"iconfont\" aria-hidden='true' data-av_icon='\ue836' data-av_iconfont='entypo-fontello'><\/span><\/a><\/div><div class='entry-content-wrapper clearfix standard-content'><header class=\"entry-content-header\"><h2 class='post-title entry-title '  itemprop=\"headline\" ><a href=\"https:\/\/pielesprieto.es\/ca\/fira-sector-pelleter-theonemilano\/\" rel=\"bookmark\" title=\"Permanent Link: TheOneMilano, la cita imprescindible pel sector de la moda i la pelleteria\">TheOneMilano, la cita imprescindible pel sector de la moda i la pelleteria<span class=\"post-format-icon minor-meta\"><\/span><\/a><\/h2><span class=\"post-meta-infos\"><time class=\"date-container minor-meta updated\"  itemprop=\"datePublished\" datetime=\"2018-02-27T13:07:07+02:00\" >27 febrer, 2018<\/time><\/span><\/header><div class=\"entry-content\"  itemprop=\"text\" ><div class=\"read-more-link\"><a href=\"https:\/\/pielesprieto.es\/ca\/fira-sector-pelleter-theonemilano\/\" class=\"more-link\">Llegir m\u00e9s<span class=\"more-link-arrow\"><\/span><\/a><\/div>\n<\/div><footer class=\"entry-footer\"><\/footer><div class='post_delimiter'><\/div><\/div><div class=\"post_author_timeline\"><\/div><span class='hidden'>\n\t\t\t\t<span class='av-structured-data'  itemprop=\"image\" itemscope=\"itemscope\" itemtype=\"https:\/\/schema.org\/ImageObject\" >\n\t\t\t\t\t\t<span itemprop='url'>https:\/\/pielesprieto.es\/wp-content\/uploads\/2018\/02\/201802_MIFUR_01.jpg<\/span>\n\t\t\t\t\t\t<span itemprop='height'>660<\/span>\n\t\t\t\t\t\t<span itemprop='width'>960<\/span>\n\t\t\t\t<\/span>\n\t\t\t\t<span class='av-structured-data'  itemprop=\"publisher\" itemtype=\"https:\/\/schema.org\/Organization\" itemscope=\"itemscope\" >\n\t\t\t\t\t\t<span itemprop='name'>pp-administrador<\/span>\n\t\t\t\t\t\t<span itemprop='logo' itemscope itemtype='https:\/\/schema.org\/ImageObject'>\n\t\t\t\t\t\t\t<span itemprop='url'>https:\/\/pielesprieto.es\/wp-content\/uploads\/2019\/10\/Logo-prieto-alargado09-1-titulo-nuevo02.png<\/span>\n\t\t\t\t\t\t<\/span>\n\t\t\t\t<\/span><span class='av-structured-data'  itemprop=\"author\" itemscope=\"itemscope\" itemtype=\"https:\/\/schema.org\/Person\" ><span itemprop='name'>pp-administrador<\/span><\/span><span class='av-structured-data'  itemprop=\"datePublished\" datetime=\"2018-02-27T13:07:07+02:00\" >2018-02-27 13:07:07<\/span><span class='av-structured-data'  itemprop=\"dateModified\" itemtype=\"https:\/\/schema.org\/dateModified\" >2019-11-26 15:16:12<\/span><span class='av-structured-data'  itemprop=\"mainEntityOfPage\" itemtype=\"https:\/\/schema.org\/mainEntityOfPage\" ><span itemprop='name'>TheOneMilano, la cita imprescindible pel sector de la moda i la pelleteria<\/span><\/span><\/span><\/article><article class=\"post-entry post-entry-type-standard post-entry-1906 post-loop-9 post-parity-odd single-small with-slider post-1906 post type-post status-publish format-standard has-post-thumbnail hentry category-noticies-prieto-barcelona tag-botigues-amb-encant-a-barcelona tag-botigues-de-moda-a-barcelona tag-botigues-de-pell-a-barcelona tag-botigues-uniques-a-barcelona tag-moda-barcelona-ca tag-pelleteries-a-barcelona tag-turisme-barcelona-ca tag-turismo-barcelona\"  itemscope=\"itemscope\" itemtype=\"https:\/\/schema.org\/BlogPosting\" ><div class=\"blog-meta\"><a href='https:\/\/pielesprieto.es\/ca\/unique-shop-barcelona-pelleteria\/' class='small-preview'  title=\"Showroom de peleter\u00eda Prieto dentro de la Barcelona Unique Shops por Barcelona Turisme\"   itemprop=\"image\" itemscope=\"itemscope\" itemtype=\"https:\/\/schema.org\/ImageObject\" ><img width=\"180\" height=\"124\" src=\"https:\/\/pielesprieto.es\/wp-content\/uploads\/2018\/02\/201802_PRIETO-UNIQUE-SHOP-BARCELONA_GUIA.jpg\" class=\"wp-image-1891 avia-img-lazy-loading-not-1891 attachment-square size-square wp-post-image\" alt=\"Showroom Prieto Unique Shops Barcelona\" decoding=\"async\" srcset=\"https:\/\/pielesprieto.es\/wp-content\/uploads\/2018\/02\/201802_PRIETO-UNIQUE-SHOP-BARCELONA_GUIA.jpg 960w, https:\/\/pielesprieto.es\/wp-content\/uploads\/2018\/02\/201802_PRIETO-UNIQUE-SHOP-BARCELONA_GUIA-600x413.jpg 600w\" sizes=\"(max-width: 180px) 100vw, 180px\" \/><span class=\"iconfont\" aria-hidden='true' data-av_icon='\ue836' data-av_iconfont='entypo-fontello'><\/span><\/a><\/div><div class='entry-content-wrapper clearfix standard-content'><header class=\"entry-content-header\"><h2 class='post-title entry-title '  itemprop=\"headline\" ><a href=\"https:\/\/pielesprieto.es\/ca\/unique-shop-barcelona-pelleteria\/\" rel=\"bookmark\" title=\"Permanent Link: El Showroom de Nicol\u00e1s Prieto present a la llista de Barcelona Unique Shops\">El Showroom de Nicol\u00e1s Prieto present a la llista de Barcelona Unique Shops<span class=\"post-format-icon minor-meta\"><\/span><\/a><\/h2><span class=\"post-meta-infos\"><time class=\"date-container minor-meta updated\"  itemprop=\"datePublished\" datetime=\"2018-02-13T12:34:06+02:00\" >13 febrer, 2018<\/time><\/span><\/header><div class=\"entry-content\"  itemprop=\"text\" ><div class=\"read-more-link\"><a href=\"https:\/\/pielesprieto.es\/ca\/unique-shop-barcelona-pelleteria\/\" class=\"more-link\">Llegir m\u00e9s<span class=\"more-link-arrow\"><\/span><\/a><\/div>\n<\/div><footer class=\"entry-footer\"><\/footer><div class='post_delimiter'><\/div><\/div><div class=\"post_author_timeline\"><\/div><span class='hidden'>\n\t\t\t\t<span class='av-structured-data'  itemprop=\"image\" itemscope=\"itemscope\" itemtype=\"https:\/\/schema.org\/ImageObject\" >\n\t\t\t\t\t\t<span itemprop='url'>https:\/\/pielesprieto.es\/wp-content\/uploads\/2018\/02\/201802_PRIETO-UNIQUE-SHOP-BARCELONA_GUIA.jpg<\/span>\n\t\t\t\t\t\t<span itemprop='height'>660<\/span>\n\t\t\t\t\t\t<span itemprop='width'>960<\/span>\n\t\t\t\t<\/span>\n\t\t\t\t<span class='av-structured-data'  itemprop=\"publisher\" itemtype=\"https:\/\/schema.org\/Organization\" itemscope=\"itemscope\" >\n\t\t\t\t\t\t<span itemprop='name'>pp-administrador<\/span>\n\t\t\t\t\t\t<span itemprop='logo' itemscope itemtype='https:\/\/schema.org\/ImageObject'>\n\t\t\t\t\t\t\t<span itemprop='url'>https:\/\/pielesprieto.es\/wp-content\/uploads\/2019\/10\/Logo-prieto-alargado09-1-titulo-nuevo02.png<\/span>\n\t\t\t\t\t\t<\/span>\n\t\t\t\t<\/span><span class='av-structured-data'  itemprop=\"author\" itemscope=\"itemscope\" itemtype=\"https:\/\/schema.org\/Person\" ><span itemprop='name'>pp-administrador<\/span><\/span><span class='av-structured-data'  itemprop=\"datePublished\" datetime=\"2018-02-13T12:34:06+02:00\" >2018-02-13 12:34:06<\/span><span class='av-structured-data'  itemprop=\"dateModified\" itemtype=\"https:\/\/schema.org\/dateModified\" >2019-11-27 12:07:28<\/span><span class='av-structured-data'  itemprop=\"mainEntityOfPage\" itemtype=\"https:\/\/schema.org\/mainEntityOfPage\" ><span itemprop='name'>El Showroom de Nicol\u00e1s Prieto present a la llista de Barcelona Unique Shops<\/span><\/span><\/span><\/article><article class=\"post-entry post-entry-type-standard post-entry-1809 post-loop-10 post-parity-even post-entry-last single-small with-slider post-1809 post type-post status-publish format-standard has-post-thumbnail hentry category-curiositats-pelleteria tag-consells-pelleteria tag-manteniment-abrics-de-pell tag-pell tag-pelleteria-a-barcelona tag-prieto-barcelona-ca tag-professionals-de-la-pelleteria tag-taller-de-pelleteria-a-barcelona\"  itemscope=\"itemscope\" itemtype=\"https:\/\/schema.org\/BlogPosting\" ><div class=\"blog-meta\"><a href='https:\/\/pielesprieto.es\/ca\/consell-article-pell-aigua\/' class='small-preview'  title=\"Prenda de piel y peleter\u00eda mojadas.\"   itemprop=\"image\" itemscope=\"itemscope\" itemtype=\"https:\/\/schema.org\/ImageObject\" ><img width=\"180\" height=\"101\" src=\"https:\/\/pielesprieto.es\/wp-content\/uploads\/2018\/02\/pexels-photo-268791.jpeg\" class=\"wp-image-1801 avia-img-lazy-loading-not-1801 attachment-square size-square wp-post-image\" alt=\"Lluvia de art\u00edculos de piel y peleter\u00eda\" decoding=\"async\" srcset=\"https:\/\/pielesprieto.es\/wp-content\/uploads\/2018\/02\/pexels-photo-268791.jpeg 5500w, https:\/\/pielesprieto.es\/wp-content\/uploads\/2018\/02\/pexels-photo-268791-600x338.jpeg 600w\" sizes=\"(max-width: 180px) 100vw, 180px\" \/><span class=\"iconfont\" aria-hidden='true' data-av_icon='\ue836' data-av_iconfont='entypo-fontello'><\/span><\/a><\/div><div class='entry-content-wrapper clearfix standard-content'><header class=\"entry-content-header\"><h2 class='post-title entry-title '  itemprop=\"headline\" ><a href=\"https:\/\/pielesprieto.es\/ca\/consell-article-pell-aigua\/\" rel=\"bookmark\" title=\"Permanent Link: \u00bfQu\u00e8 faig si es mulla el meu article de pell?\">\u00bfQu\u00e8 faig si es mulla el meu article de pell?<span class=\"post-format-icon minor-meta\"><\/span><\/a><\/h2><span class=\"post-meta-infos\"><time class=\"date-container minor-meta updated\"  itemprop=\"datePublished\" datetime=\"2018-02-02T20:00:46+02:00\" >2 febrer, 2018<\/time><\/span><\/header><div class=\"entry-content\"  itemprop=\"text\" ><div class=\"read-more-link\"><a href=\"https:\/\/pielesprieto.es\/ca\/consell-article-pell-aigua\/\" class=\"more-link\">Llegir m\u00e9s<span class=\"more-link-arrow\"><\/span><\/a><\/div>\n<\/div><footer class=\"entry-footer\"><\/footer><div class='post_delimiter'><\/div><\/div><div class=\"post_author_timeline\"><\/div><span class='hidden'>\n\t\t\t\t<span class='av-structured-data'  itemprop=\"image\" itemscope=\"itemscope\" itemtype=\"https:\/\/schema.org\/ImageObject\" >\n\t\t\t\t\t\t<span itemprop='url'>https:\/\/pielesprieto.es\/wp-content\/uploads\/2018\/02\/pexels-photo-268791.jpeg<\/span>\n\t\t\t\t\t\t<span itemprop='height'>3094<\/span>\n\t\t\t\t\t\t<span itemprop='width'>5500<\/span>\n\t\t\t\t<\/span>\n\t\t\t\t<span class='av-structured-data'  itemprop=\"publisher\" itemtype=\"https:\/\/schema.org\/Organization\" itemscope=\"itemscope\" >\n\t\t\t\t\t\t<span itemprop='name'>pp-administrador<\/span>\n\t\t\t\t\t\t<span itemprop='logo' itemscope itemtype='https:\/\/schema.org\/ImageObject'>\n\t\t\t\t\t\t\t<span itemprop='url'>https:\/\/pielesprieto.es\/wp-content\/uploads\/2019\/10\/Logo-prieto-alargado09-1-titulo-nuevo02.png<\/span>\n\t\t\t\t\t\t<\/span>\n\t\t\t\t<\/span><span class='av-structured-data'  itemprop=\"author\" itemscope=\"itemscope\" itemtype=\"https:\/\/schema.org\/Person\" ><span itemprop='name'>pp-administrador<\/span><\/span><span class='av-structured-data'  itemprop=\"datePublished\" datetime=\"2018-02-02T20:00:46+02:00\" >2018-02-02 20:00:46<\/span><span class='av-structured-data'  itemprop=\"dateModified\" itemtype=\"https:\/\/schema.org\/dateModified\" >2019-11-27 12:06:36<\/span><span class='av-structured-data'  itemprop=\"mainEntityOfPage\" itemtype=\"https:\/\/schema.org\/mainEntityOfPage\" ><span itemprop='name'>\u00bfQu\u00e8 faig si es mulla el meu article de pell?<\/span><\/span><\/span><\/article><div class='single-small'><nav class='pagination'><span class='pagination-meta'>P\u00e0gina 1 de 2<\/span><span class='current'>1<\/span><a href='https:\/\/pielesprieto.es\/ca\/wp-json\/wp\/v2\/pages\/2517\/page\/2\/' class='inactive next_page' >2<\/a><\/nav>\n<\/div><\/div><\/p>\n","protected":false},"excerpt":{"rendered":"","protected":false},"author":1,"featured_media":0,"parent":0,"menu_order":900,"comment_status":"closed","ping_status":"closed","template":"","meta":[],"yoast_head":"<!-- This site is optimized with the Yoast SEO plugin v20.9 - https:\/\/yoast.com\/wordpress\/plugins\/seo\/ -->\n<title>Blog - Pieles Prieto<\/title>\n<meta name=\"robots\" content=\"index, follow, max-snippet:-1, max-image-preview:large, max-video-preview:-1\" \/>\n<link rel=\"canonical\" href=\"https:\/\/pielesprieto.es\/ca\/blog\/\" \/>\n<meta property=\"og:locale\" content=\"ca_ES\" \/>\n<meta property=\"og:type\" content=\"article\" \/>\n<meta property=\"og:title\" content=\"Blog - Pieles Prieto\" \/>\n<meta property=\"og:url\" content=\"https:\/\/pielesprieto.es\/ca\/blog\/\" \/>\n<meta property=\"og:site_name\" content=\"Pieles Prieto\" \/>\n<meta property=\"article:publisher\" content=\"https:\/\/www.facebook.com\/pielesprietobarcelona\/\" \/>\n<meta property=\"article:modified_time\" content=\"2018-05-18T16:43:35+00:00\" \/>\n<meta name=\"twitter:card\" content=\"summary_large_image\" \/>\n<meta name=\"twitter:site\" content=\"@PielesPrieto\" \/>\n<meta name=\"twitter:label1\" content=\"Temps estimat de lectura\" \/>\n\t<meta name=\"twitter:data1\" content=\"1 minut\" \/>\n<script type=\"application\/ld+json\" class=\"yoast-schema-graph\">{\"@context\":\"https:\/\/schema.org\",\"@graph\":[{\"@type\":\"WebPage\",\"@id\":\"https:\/\/pielesprieto.es\/ca\/blog\/\",\"url\":\"https:\/\/pielesprieto.es\/ca\/blog\/\",\"name\":\"Blog - Pieles Prieto\",\"isPartOf\":{\"@id\":\"https:\/\/pielesprieto.es\/#website\"},\"datePublished\":\"2018-05-18T16:35:49+00:00\",\"dateModified\":\"2018-05-18T16:43:35+00:00\",\"breadcrumb\":{\"@id\":\"https:\/\/pielesprieto.es\/ca\/blog\/#breadcrumb\"},\"inLanguage\":\"ca\",\"potentialAction\":[{\"@type\":\"ReadAction\",\"target\":[\"https:\/\/pielesprieto.es\/ca\/blog\/\"]}]},{\"@type\":\"BreadcrumbList\",\"@id\":\"https:\/\/pielesprieto.es\/ca\/blog\/#breadcrumb\",\"itemListElement\":[{\"@type\":\"ListItem\",\"position\":1,\"name\":\"Portada\",\"item\":\"https:\/\/pielesprieto.es\/ca\/inici\/\"},{\"@type\":\"ListItem\",\"position\":2,\"name\":\"Blog\"}]},{\"@type\":\"WebSite\",\"@id\":\"https:\/\/pielesprieto.es\/#website\",\"url\":\"https:\/\/pielesprieto.es\/\",\"name\":\"Pieles Prieto\",\"description\":\"Pieles Prieto\",\"potentialAction\":[{\"@type\":\"SearchAction\",\"target\":{\"@type\":\"EntryPoint\",\"urlTemplate\":\"https:\/\/pielesprieto.es\/?s={search_term_string}\"},\"query-input\":\"required name=search_term_string\"}],\"inLanguage\":\"ca\"}]}<\/script>\n<!-- \/ Yoast SEO plugin. -->","yoast_head_json":{"title":"Blog - Pieles Prieto","robots":{"index":"index","follow":"follow","max-snippet":"max-snippet:-1","max-image-preview":"max-image-preview:large","max-video-preview":"max-video-preview:-1"},"canonical":"https:\/\/pielesprieto.es\/ca\/blog\/","og_locale":"ca_ES","og_type":"article","og_title":"Blog - Pieles Prieto","og_url":"https:\/\/pielesprieto.es\/ca\/blog\/","og_site_name":"Pieles Prieto","article_publisher":"https:\/\/www.facebook.com\/pielesprietobarcelona\/","article_modified_time":"2018-05-18T16:43:35+00:00","twitter_card":"summary_large_image","twitter_site":"@PielesPrieto","twitter_misc":{"Temps estimat de lectura":"1 minut"},"schema":{"@context":"https:\/\/schema.org","@graph":[{"@type":"WebPage","@id":"https:\/\/pielesprieto.es\/ca\/blog\/","url":"https:\/\/pielesprieto.es\/ca\/blog\/","name":"Blog - Pieles Prieto","isPartOf":{"@id":"https:\/\/pielesprieto.es\/#website"},"datePublished":"2018-05-18T16:35:49+00:00","dateModified":"2018-05-18T16:43:35+00:00","breadcrumb":{"@id":"https:\/\/pielesprieto.es\/ca\/blog\/#breadcrumb"},"inLanguage":"ca","potentialAction":[{"@type":"ReadAction","target":["https:\/\/pielesprieto.es\/ca\/blog\/"]}]},{"@type":"BreadcrumbList","@id":"https:\/\/pielesprieto.es\/ca\/blog\/#breadcrumb","itemListElement":[{"@type":"ListItem","position":1,"name":"Portada","item":"https:\/\/pielesprieto.es\/ca\/inici\/"},{"@type":"ListItem","position":2,"name":"Blog"}]},{"@type":"WebSite","@id":"https:\/\/pielesprieto.es\/#website","url":"https:\/\/pielesprieto.es\/","name":"Pieles Prieto","description":"Pieles Prieto","potentialAction":[{"@type":"SearchAction","target":{"@type":"EntryPoint","urlTemplate":"https:\/\/pielesprieto.es\/?s={search_term_string}"},"query-input":"required name=search_term_string"}],"inLanguage":"ca"}]}},"_links":{"self":[{"href":"https:\/\/pielesprieto.es\/ca\/wp-json\/wp\/v2\/pages\/2517"}],"collection":[{"href":"https:\/\/pielesprieto.es\/ca\/wp-json\/wp\/v2\/pages"}],"about":[{"href":"https:\/\/pielesprieto.es\/ca\/wp-json\/wp\/v2\/types\/page"}],"author":[{"embeddable":true,"href":"https:\/\/pielesprieto.es\/ca\/wp-json\/wp\/v2\/users\/1"}],"replies":[{"embeddable":true,"href":"https:\/\/pielesprieto.es\/ca\/wp-json\/wp\/v2\/comments?post=2517"}],"version-history":[{"count":4,"href":"https:\/\/pielesprieto.es\/ca\/wp-json\/wp\/v2\/pages\/2517\/revisions"}],"predecessor-version":[{"id":3489,"href":"https:\/\/pielesprieto.es\/ca\/wp-json\/wp\/v2\/pages\/2517\/revisions\/3489"}],"wp:attachment":[{"href":"https:\/\/pielesprieto.es\/ca\/wp-json\/wp\/v2\/media?parent=2517"}],"curies":[{"name":"wp","href":"https:\/\/api.w.org\/{rel}","templated":true}]}}